{"id":209,"date":"2018-05-02T16:56:20","date_gmt":"2018-05-02T14:56:20","guid":{"rendered":"http:\/\/chantalgrimm.com\/?page_id=209"},"modified":"2026-02-27T14:54:56","modified_gmt":"2026-02-27T13:54:56","slug":"chantal-grimm-contes-musicaux-et-comptines-pour-maternelles","status":"publish","type":"page","link":"https:\/\/chantalgrimm.com\/?page_id=209","title":{"rendered":"Contes musicaux et comptines"},"content":{"rendered":"<div id=\"pl-209\"  class=\"panel-layout\" ><div id=\"pg-209-0\"  class=\"panel-grid panel-no-style\" ><div id=\"pgc-209-0-0\"  class=\"panel-grid-cell\" ><div id=\"panel-209-0-0-0\" class=\"so-panel widget widget_sow-image panel-first-child\" data-index=\"0\" ><div\n\t\t\t\n\t\t\tclass=\"so-widget-sow-image so-widget-sow-image-default-113ccd71f3e6-209\"\n\t\t\t\n\t\t>\n<div class=\"sow-image-container\">\n\t\t<img fetchpriority=\"high\" \n\tsrc=\"https:\/\/chantalgrimm.com\/wp-content\/uploads\/2025\/11\/PARUTIONS.jpg\" width=\"1400\" height=\"590\" sizes=\"(max-width: 1400px) 100vw, 1400px\" alt=\"\" \t\tclass=\"so-widget-image\"\/>\n\t<\/div>\n\n<\/div><\/div><div id=\"panel-209-0-0-1\" class=\"so-panel widget widget_sow-editor panel-last-child\" data-index=\"1\" ><div\n\t\t\t\n\t\t\tclass=\"so-widget-sow-editor so-widget-sow-editor-base\"\n\t\t\t\n\t\t>\n<div class=\"siteorigin-widget-tinymce textwidget\">\n\t<h4 style=\"text-align: center;\"><span style=\"color: #c67f22;\">CHANTAL GRIMM \/ <span style=\"color: #333333;\">CONTEUSE POUR PETITS &amp; GRANDS<\/span><\/span><\/h4>\n<p>Chantal Grimm devient conteuse avec le PARADIS DE LA REINE SIBYLLE, l\u00e9gende m\u00e9di\u00e9vale f\u00e9ministe rapport\u00e9e au XV\u00e8me si\u00e8cle par Antoine de La Sale\u00a0: elle s\u2019en sert pour relier en sc\u00e8ne ses compositions des premi\u00e8res \u00e9ditions du CD <em>Ballades des belles rebelles<\/em> (voir \u00e0 la rubrique \u00ab Patrimoine\u00a0\u00bb) et ce spectacle tourne en 1992-93 \u00e0 l\u2019occasion du Cinq Centenaire de Marguerite de Navarre\u00a0dans des Monuments Historiques, des grandes f\u00eates patrimoniales et des Th\u00e9\u00e2tres.<\/p>\n<p>Il faudra attendre 1994 pour qu\u2019elle r\u00e9alise un conte musical \u00ab\u00a0Jeune Public\u00a0\u00bb, LA L\u00c9GENDE DU DODO, en mariant Selma Lagerloff et Andersen autour de chansons et comptines inspir\u00e9es de son tour du monde. Jou\u00e9 pendant deux mois au petit Th\u00e9\u00e2tre de la Mainate, ce spectacle invit\u00e9 par jean Pell\u00e9 aura 3800 spectateurs. A la suite de cette exp\u00e9rience, le Mus\u00e9e des transports de Compi\u00e8gne confiera \u00e0 Chantal Grimm 30 classes de l\u2019Oise pour monter des chansons sur les trains et les diligences pour la F\u00eate de la Musique dans la cour du Ch\u00e2teau (1997).<\/p>\n<p>&nbsp;<\/p>\n<hr \/>\n<p>&nbsp;<\/p>\n<\/div>\n<\/div><\/div><\/div><\/div><div id=\"pg-209-1\"  class=\"panel-grid panel-has-style\" ><div class=\"panel-row-style panel-row-style-for-209-1\" ><div id=\"pgc-209-1-0\"  class=\"panel-grid-cell\" ><div id=\"panel-209-1-0-0\" class=\"so-panel widget widget_sow-editor panel-first-child panel-last-child\" data-index=\"2\" ><div class=\"panel-widget-style panel-widget-style-for-209-1-0-0\" ><div\n\t\t\t\n\t\t\tclass=\"so-widget-sow-editor so-widget-sow-editor-base\"\n\t\t\t\n\t\t>\n<div class=\"siteorigin-widget-tinymce textwidget\">\n\t<h3><span style=\"color: #c67f22;\">CHANTILLAGES<\/span><\/h3>\n<p style=\"text-align: left;\">Avec les confinements d\u00fbs \u00e0 la pand\u00e9mie a jailli dans la t\u00eate de Chantal Grimm conteuse l\u2019id\u00e9e de produire des <strong>comptines anim\u00e9es<\/strong>. Illustr\u00e9es par Fabien Rivi\u00e8re et mises en mouvement par Cyrille Parachini, il s\u2019agit de petits films avec voix de femme, d\u2019homme et d\u2019enfant, ainsi que dessins, partition et texte tournants\u2026 pour avoir l\u2019id\u00e9e de chanter en famille en suivant un petit clip \u00e0 l\u2019\u00e9cran comme guide.<\/p>\n<p style=\"text-align: left;\">Voici les deux premi\u00e8res \u00ab comptines anim\u00e9es \u00bb r\u00e9alis\u00e9es, <em>ma Trottinette<\/em> et<em> le Petit Caneton<\/em>.\u00a0 Elles annoncent en m\u00eame temps un CD d\u2019une quinzaine de titres de Chantal Grimm et G\u00e9rard Brunschwig, chant\u00e9s par Chantal Grimm sur des arrangements de S\u00e9bastien M\u00e9nard, Bernard Fougeirol et Eric Denis, dont la sortie est pr\u00e9vue en 2024.<\/p>\n<p>La plupart des comptines de <strong>Chantillages<\/strong> \u00a0sont parues sur le site Canop\u00e9e de l\u2019Education Nationale, qui n\u2019est accessible qu\u2019aux professeurs des \u00e9coles.\u00a0 Elles sont chant\u00e9es par la ma\u00eetrise \u00ab\u00a0enfants\u00a0\u00bb de Radio-France, sur un arrangement d\u2019accord\u00e9on de Charles Ki\u00e9ny.<\/p>\n<\/div>\n<\/div><\/div><\/div><\/div><div id=\"pgc-209-1-1\"  class=\"panel-grid-cell\" ><div id=\"panel-209-1-1-0\" class=\"so-panel widget widget_sow-editor panel-first-child\" data-index=\"3\" ><div class=\"panel-widget-style panel-widget-style-for-209-1-1-0\" ><div\n\t\t\t\n\t\t\tclass=\"so-widget-sow-editor so-widget-sow-editor-base\"\n\t\t\t\n\t\t>\n<div class=\"siteorigin-widget-tinymce textwidget\">\n\t<p>&nbsp;<\/p>\n<p>&nbsp;<\/p>\n<\/div>\n<\/div><\/div><\/div><div id=\"panel-209-1-1-1\" class=\"so-panel widget widget_siteorigin-panels-embedded-video\" data-index=\"4\" >\t\t<div class=\"siteorigin-fitvids\"><iframe title=\"Ma Trottinette\" width=\"1140\" height=\"641\" src=\"https:\/\/www.youtube.com\/embed\/1uvPel_mD9Y?feature=oembed\" frameborder=\"0\" allow=\"accelerometer; autoplay; clipboard-write; encrypted-media; gyroscope; picture-in-picture; web-share\" referrerpolicy=\"strict-origin-when-cross-origin\" allowfullscreen><\/iframe><\/div>\n\t\t<\/div><div id=\"panel-209-1-1-2\" class=\"so-panel widget widget_sow-image panel-last-child\" data-index=\"5\" ><div\n\t\t\t\n\t\t\tclass=\"so-widget-sow-image so-widget-sow-image-default-8b5b6f678277-209\"\n\t\t\t\n\t\t>\n<div class=\"sow-image-container\">\n\t\t<img \n\tsrc=\"https:\/\/chantalgrimm.com\/wp-content\/uploads\/2021\/03\/Logo_EducationNationale.jpg\" width=\"322\" height=\"98\" sizes=\"(max-width: 322px) 100vw, 322px\" alt=\"\" \t\tclass=\"so-widget-image\"\/>\n\t<\/div>\n\n<\/div><\/div><\/div><\/div><\/div><div id=\"pg-209-2\"  class=\"panel-grid panel-no-style\" ><div id=\"pgc-209-2-0\"  class=\"panel-grid-cell\" ><div id=\"panel-209-2-0-0\" class=\"so-panel widget widget_sow-editor panel-first-child panel-last-child\" data-index=\"6\" ><div\n\t\t\t\n\t\t\tclass=\"so-widget-sow-editor so-widget-sow-editor-base\"\n\t\t\t\n\t\t>\n<div class=\"siteorigin-widget-tinymce textwidget\">\n\t<p>&nbsp;<\/p>\n<hr \/>\n<p>&nbsp;<\/p>\n<\/div>\n<\/div><\/div><\/div><\/div><div id=\"pg-209-3\"  class=\"panel-grid panel-no-style\" ><div id=\"pgc-209-3-0\"  class=\"panel-grid-cell\" ><div id=\"panel-209-3-0-0\" class=\"so-panel widget widget_media_image panel-first-child panel-last-child\" data-index=\"7\" ><img decoding=\"async\" width=\"590\" height=\"570\" src=\"https:\/\/chantalgrimm.com\/wp-content\/uploads\/2018\/07\/ChantalGrimm_LeGrandDodo_CD.jpg\" class=\"image wp-image-2558  attachment-full size-full\" alt=\"\" style=\"max-width: 100%; height: auto;\" srcset=\"https:\/\/chantalgrimm.com\/wp-content\/uploads\/2018\/07\/ChantalGrimm_LeGrandDodo_CD.jpg 590w, https:\/\/chantalgrimm.com\/wp-content\/uploads\/2018\/07\/ChantalGrimm_LeGrandDodo_CD-300x290.jpg 300w\" sizes=\"(max-width: 590px) 100vw, 590px\" \/><\/div><\/div><div id=\"pgc-209-3-1\"  class=\"panel-grid-cell\" ><div id=\"panel-209-3-1-0\" class=\"so-panel widget widget_sow-editor panel-first-child panel-last-child\" data-index=\"8\" ><div class=\"panel-widget-style panel-widget-style-for-209-3-1-0\" ><div\n\t\t\t\n\t\t\tclass=\"so-widget-sow-editor so-widget-sow-editor-base\"\n\t\t\t\n\t\t>\n<div class=\"siteorigin-widget-tinymce textwidget\">\n\t<h4><\/h4>\n<h4><span style=\"color: #2f5377;\"><span style=\"color: #333333;\">CONTE MUSICAL<\/span> <span style=\"color: #3366ff;\"><span style=\"color: #c67f22;\">LE GRAND DODO<\/span><span style=\"color: #333333;\">,<\/span><\/span><span style=\"color: #333333;\"> CD\u00a0<\/span><\/span>(SM\/Arc-en-ciel, 1996)<\/h4>\n<p>LE GRAND DODO est enregistr\u00e9 avec un groupe musical, et de 1995 \u00e0 1998 le spectacle est programm\u00e9 dans les grands Centres Culturels d\u2019Ile-de-France, notamment au Th\u00e9\u00e2tre Antoine Vitez d\u2019Ivry et au Festi\u2019Val de Marne\u00a0gr\u00e2ce \u00e0 Le\u00efla Cuckiermann, ainsi que dans les Festivals Jeune public d\u2019un peu partout qui caract\u00e9risent cette \u00e9poque, voire \u00e0 l\u2019\u00e9tranger\u00a0 (Berne, V\u00e9rone, Alexandrie) o\u00f9 Chantal Grimm emm\u00e8ne ses r\u00e9gisseurs successifs, Fabrice Bouquillon et Francis Adam. Mais il n\u2019aura dur\u00e9 que 4 ans.<\/p>\n<p>Le disque,\u00a0\u00e9dit\u00e9 en 1996 par Martine Andersen chez SM\/Arc-en-ciel, est r\u00e9-\u00e9dit\u00e9 en 2007\u00a0par Marc Caillard chez Enfance &amp; Musique avec les Illustrations de Valentine Favre.<\/p>\n<p><strong>&gt; <a href=\"http:\/\/chantalgrimm.com\/wp-content\/uploads\/2018\/05\/Chantal-Grimm_LeGrandDodo.pdf\">VOIR LES PAROLES DU CD<\/a>\u00a0 \u00a0 \u00a0 &gt; <a href=\"http:\/\/chantalgrimm.com\/?page_id=19\">COMMANDER LE CD<\/a><\/strong><\/p>\n<p>&nbsp;<\/p>\n<\/div>\n<\/div><\/div><\/div><\/div><\/div><div id=\"pg-209-4\"  class=\"panel-grid panel-no-style\" ><div id=\"pgc-209-4-0\"  class=\"panel-grid-cell\" ><div id=\"panel-209-4-0-0\" class=\"so-panel widget widget_sow-editor panel-first-child panel-last-child\" data-index=\"9\" ><div\n\t\t\t\n\t\t\tclass=\"so-widget-sow-editor so-widget-sow-editor-base\"\n\t\t\t\n\t\t>\n<div class=\"siteorigin-widget-tinymce textwidget\">\n\t<p style=\"text-align: center;\"><em><span style=\"color: #c67f22;\">\u00ab Jamais de sous-musique pour les enfants, m\u00eame tout-petits\u00a0! C\u2019est dans la tradition orale et ses musiques simples \u2013mais jamais simplistes- que j\u2019ai puis\u00e9 l\u2019inspiration pour eux. Et aussi dans la L\u00e9gende universelle. \u00bb<\/span> Chantal Grimm<\/em><\/p>\n<p style=\"text-align: center;\"><span style=\"color: #c67f22;\"><em>\u00ab\u00a0Tout intelligence et d\u00e9licatesse, Chantal Grimm la voyageuse prom\u00e8ne son petit monde dans des chansons-contes inspir\u00e9es de l\u2019Est, du Sud et du grand Nord\u2026 \u00bb<\/em> <\/span>P<em>rogramme du Th\u00e9\u00e2tre d\u2019Ivry Antoine Vitez<\/em><\/p>\n<p style=\"text-align: center;\"><em><span style=\"color: #3366ff;\">\u00a0<span style=\"color: #c67f22;\">\u00ab Qui n\u2019a pas entendu Chantal Grimm ne sait pas ce que c\u2019est que r\u00eaver. \u00bb<\/span><\/span> LE PARISIEN<\/em><\/p>\n<hr \/>\n<p style=\"text-align: center;\">\n<\/div>\n<\/div><\/div><\/div><\/div><div id=\"pg-209-5\"  class=\"panel-grid panel-no-style\" ><div id=\"pgc-209-5-0\"  class=\"panel-grid-cell\" ><div id=\"panel-209-5-0-0\" class=\"so-panel widget widget_sow-editor panel-first-child panel-last-child\" data-index=\"10\" ><div class=\"panel-widget-style panel-widget-style-for-209-5-0-0\" ><div\n\t\t\t\n\t\t\tclass=\"so-widget-sow-editor so-widget-sow-editor-base\"\n\t\t\t\n\t\t>\n<div class=\"siteorigin-widget-tinymce textwidget\">\n\t<h4><span style=\"color: #2f5377;\"><span style=\"color: #333333;\">CONTE MUSICAL\u00a0<\/span><\/span><span style=\"color: #c67f22;\">LA PETITE FUGUE DES ANIMAUX<\/span><span style=\"color: #000000;\">, <\/span>Livre CD\u00a0(\u00e9ditions de L\u2019Archipel, 2010)<\/h4>\n<p>C\u2019est tout autre chose qui se passe avec ALLONS D\u2019CE PAS A L\u2019OP\u00c9RA, le 3<sup>\u00e8me<\/sup> conte musical\u00a0de Chantal Grimm:\u00a0 peu de programmation en th\u00e9\u00e2tre mais une long\u00e9vit\u00e9 exceptionnelle.\u00a0 Car l\u2019immense besoin d\u2019une culture sp\u00e9cifique aux tout-petits \u00e9merge au d\u00e9but des ann\u00e9es 2000 et Chantal Grimm s\u2019est mise au d\u00e9fi de s\u2019adresser vraiment \u00e0 eux.\u00a0 Son animation en forme de comptine perp\u00e9tuelle (sur un jeu de l\u2019oie au sol sign\u00e9 Valentine Favre) n\u2019arr\u00eatera pas de tourner via les services culturels des villes,\u00a0 les cr\u00e8ches et les biblioth\u00e8ques, les festivals de contes de 2001 \u00e0 2010\u2026 Jusqu\u2019\u00e0 ce qu\u2019elle en fasse un<strong>\u00a0<\/strong>Livre-Disque\u00a0: <strong><em><span style=\"color: #3ca612;\">LA <span style=\"color: #c67f22;\">PETITE FUGUE DES ANIMAUX<\/span><\/span><\/em><\/strong> avec une orchestration de Robert Suhas et des illustrations de Valentine Favre.<\/p>\n<p><strong>&gt; <a href=\"http:\/\/chantalgrimm.com\/wp-content\/uploads\/2018\/05\/La-Petite-Fugue-des-Animaux-Livre-CD.pdf\">VOIR LES PAROLES DU LIVRE-CD<\/a> \u00a0 \u00a0&gt; <a href=\"http:\/\/chantalgrimm.com\/?page_id=19\">COMMANDER LE LIVRE-CD<\/a><\/strong><\/p>\n<p>&nbsp;<\/p>\n<p>&nbsp;<\/p>\n<\/div>\n<\/div><\/div><\/div><\/div><div id=\"pgc-209-5-1\"  class=\"panel-grid-cell\" ><div id=\"panel-209-5-1-0\" class=\"so-panel widget widget_media_image panel-first-child panel-last-child\" data-index=\"11\" ><div class=\"panel-widget-style panel-widget-style-for-209-5-1-0\" ><img loading=\"lazy\" decoding=\"async\" width=\"650\" height=\"587\" src=\"https:\/\/chantalgrimm.com\/wp-content\/uploads\/2018\/07\/PetiteFugueDesAnimaux_CGrimm_LivreCD.jpg\" class=\"image wp-image-2561  attachment-full size-full\" alt=\"\" style=\"max-width: 100%; height: auto;\" srcset=\"https:\/\/chantalgrimm.com\/wp-content\/uploads\/2018\/07\/PetiteFugueDesAnimaux_CGrimm_LivreCD.jpg 650w, https:\/\/chantalgrimm.com\/wp-content\/uploads\/2018\/07\/PetiteFugueDesAnimaux_CGrimm_LivreCD-300x271.jpg 300w\" sizes=\"(max-width: 650px) 100vw, 650px\" \/><\/div><\/div><\/div><\/div><div id=\"pg-209-6\"  class=\"panel-grid panel-no-style\" ><div id=\"pgc-209-6-0\"  class=\"panel-grid-cell\" ><div id=\"panel-209-6-0-0\" class=\"so-panel widget widget_sow-editor panel-first-child panel-last-child\" data-index=\"12\" ><div class=\"panel-widget-style panel-widget-style-for-209-6-0-0\" ><div\n\t\t\t\n\t\t\tclass=\"so-widget-sow-editor so-widget-sow-editor-base\"\n\t\t\t\n\t\t>\n<div class=\"siteorigin-widget-tinymce textwidget\">\n\t<p style=\"text-align: center;\"><span style=\"color: #c67f22;\"><em>\u00ab\u00a0En r\u00e9-\u00e9crivant \u00e0 ma mani\u00e8re un conte connu, j\u2019ai voulu que les b\u00e9b\u00e9s soient berc\u00e9s, que les 18 mois se mettent \u00e0 parler, que les 3 ans comprennent tout, que les 5 ans retiennent les phrases par c\u0153ur, que les 7 ans se mettent \u00e0 jouer la petite fugue des animaux.\u00a0\u00bb <\/em><\/span>Chantal Grimm<\/p>\n<p style=\"text-align: center;\"><span style=\"color: #c67f22;\"><em>\u00ab Chantal Grimm vient de sortir un \u00e9patant livre-disque pour nos bouts d\u2019choux, illustr\u00e9 par Valentine Favre.\u00a0 D\u2019une simplicit\u00e9 confondante qui n\u2019a d\u2019\u00e9gale que son efficacit\u00e9. \u00bb\u00a0<\/em><\/span>Michel Kemper (blog <em>Nos Enchanteurs<\/em>)<\/p>\n<p style=\"text-align: center;\"><em><span style=\"color: #3366ff;\">\u00a0<span style=\"color: #3ca612;\"><span style=\"color: #c67f22;\">\u00ab La poule mouill\u00e9e, le sale cochon, le vilain canard, la brebis galeuse, l\u2019oiseau de malheur prennent la route\u2026Leur r\u00eave\u00a0: chanter \u00e0 l\u2019op\u00e9ra de Paris\u00a0! Un tr\u00e8s beau livre-CD \u00e0 offrir \u00e0 tous les enfants d\u00e8s leur plus jeune \u00e2ge. \u00bb<\/span>\u00a0<\/span><\/span><\/em>Bruno Parmentier (blog <em>La musique et les enfants<\/em>)<\/p>\n<p style=\"text-align: center;\"><span style=\"color: #c67f22;\"><em>\u00a0\u00ab Chantal Grimm a une fa\u00e7on tout \u00e0 fait int\u00e9ressante de dire ce texte\u2026 D\u2019autres chanteurs se partagent l\u2019interpr\u00e9tation des diff\u00e9rents animaux\u00a0: voix ample et pleine pour la vache, gouailleuse pour le canard, enfantine pour l\u2019oiseau\u00a0; quant au loup, il est parfait en rocker un poil vulgaire. \u00bb\u00a0<\/em><\/span>Fran\u00e7oise T\u00e9nier (blog <em>Enfants \u00e0 l\u2019\u00e9coute<\/em>)<\/p>\n<\/div>\n<\/div><\/div><\/div><\/div><\/div><div id=\"pg-209-7\"  class=\"panel-grid panel-no-style\" ><div id=\"pgc-209-7-0\"  class=\"panel-grid-cell\" ><div id=\"panel-209-7-0-0\" class=\"so-panel widget widget_sow-editor panel-first-child\" data-index=\"13\" ><div class=\"panel-widget-style panel-widget-style-for-209-7-0-0\" ><div\n\t\t\t\n\t\t\tclass=\"so-widget-sow-editor so-widget-sow-editor-base\"\n\t\t\t\n\t\t>\n<div class=\"siteorigin-widget-tinymce textwidget\">\n\t<p><span style=\"color: #ffffff;\">LA PETITE FUGUE DES ANIMAUX<\/span><\/p>\n<\/div>\n<\/div><\/div><\/div><div id=\"panel-209-7-0-1\" class=\"so-panel widget widget_siteorigin-panels-embedded-video\" data-index=\"14\" >\t\t<div class=\"siteorigin-fitvids\"><iframe title=\"LA PETITE FUGUE DES ANIMAUX : Chantal Grimm et S\u00e9bastien M\u00e9nard\" width=\"1140\" height=\"641\" src=\"https:\/\/www.youtube.com\/embed\/EAla227qMH8?feature=oembed\" frameborder=\"0\" allow=\"accelerometer; autoplay; clipboard-write; encrypted-media; gyroscope; picture-in-picture; web-share\" referrerpolicy=\"strict-origin-when-cross-origin\" allowfullscreen><\/iframe><\/div>\n\t\t<\/div><div id=\"panel-209-7-0-2\" class=\"so-panel widget widget_sow-editor panel-last-child\" data-index=\"15\" ><div class=\"panel-widget-style panel-widget-style-for-209-7-0-2\" ><div\n\t\t\t\n\t\t\tclass=\"so-widget-sow-editor so-widget-sow-editor-base\"\n\t\t\t\n\t\t>\n<div class=\"siteorigin-widget-tinymce textwidget\">\n\t<p style=\"text-align: center;\"><strong>&gt; <a href=\"https:\/\/chantalgrimm.com\/?page_id=19\">CONTACTEZ MOI<\/a><\/strong><\/p>\n<\/div>\n<\/div><\/div><\/div><\/div><div id=\"pgc-209-7-1\"  class=\"panel-grid-cell\" ><div id=\"panel-209-7-1-0\" class=\"so-panel widget widget_sow-editor panel-first-child panel-last-child\" data-index=\"16\" ><div class=\"panel-widget-style panel-widget-style-for-209-7-1-0\" ><div\n\t\t\t\n\t\t\tclass=\"so-widget-sow-editor so-widget-sow-editor-base\"\n\t\t\t\n\t\t>\n<div class=\"siteorigin-widget-tinymce textwidget\">\n\t<h4><span style=\"color: #2f5377;\"><span style=\"color: #333333;\">LE SPECTACLE DU CONTE MUSICAL JEUNE PUBLIC\u00a0<\/span><\/span><span style=\"color: #c67f22;\">LA PETITE FUGUE DES ANIMAUX<strong>\u00a0<\/strong><\/span><\/h4>\n<p>Un d\u00e9cor peint sur un parasol que l\u2019on fait tourner et des petits animaux sign\u00e9s Valentine Favre. Un clavier de piano.\u00a0 Pas de sonorisation (jusqu\u2019\u00e0 100 personnes). Ce conte musical interactif jou\u00e9 \u00e0 deux (<strong>Chantal Grimm et S\u00e9bastien M\u00e9nard<\/strong>) est un d\u00e9fi\u00a0: celui de l\u2019int\u00e9gration du tout-petit \u00e0 la Culture.\u00a0 C\u2019est une prestation inter-g\u00e9n\u00e9rationnelle dans son esprit m\u00eame, en m\u00eame temps qu\u2019un moyen d\u2019acc\u00e9der au langage par la m\u00e9moire de la r\u00e9p\u00e9tition, gr\u00e2ce \u00e0 un parl\u00e9\/rythm\u00e9 repris par toute la salle, devant un d\u00e9cor qui reprend les illustrations du livre.\u00a0 L\u2019ambiance est tr\u00e8s joyeuse.<\/p>\n<p>Espace n\u00e9cessaire 4mx3. Eclairage demand\u00e9 (projecteur ou halog\u00e8ne).<\/p>\n<\/div>\n<\/div><\/div><\/div><\/div><\/div><div id=\"pg-209-8\"  class=\"panel-grid panel-no-style\" ><div id=\"pgc-209-8-0\"  class=\"panel-grid-cell\" ><div id=\"panel-209-8-0-0\" class=\"so-panel widget widget_sow-editor panel-first-child panel-last-child\" data-index=\"17\" ><div class=\"panel-widget-style panel-widget-style-for-209-8-0-0\" ><div\n\t\t\t\n\t\t\tclass=\"so-widget-sow-editor so-widget-sow-editor-base\"\n\t\t\t\n\t\t>\n<div class=\"siteorigin-widget-tinymce textwidget\">\n\t<hr \/>\n<h4><\/h4>\n<\/div>\n<\/div><\/div><\/div><\/div><\/div><div id=\"pg-209-9\"  class=\"panel-grid panel-has-style\" ><div class=\"panel-row-style panel-row-style-for-209-9\" ><div id=\"pgc-209-9-0\"  class=\"panel-grid-cell\" ><div id=\"panel-209-9-0-0\" class=\"so-panel widget widget_sow-editor panel-first-child panel-last-child\" data-index=\"18\" ><div class=\"panel-widget-style panel-widget-style-for-209-9-0-0\" ><div\n\t\t\t\n\t\t\tclass=\"so-widget-sow-editor so-widget-sow-editor-base\"\n\t\t\t\n\t\t>\n<div class=\"siteorigin-widget-tinymce textwidget\">\n\t<h4 style=\"text-align: left;\"><span style=\"color: #c67f22;\">COMPTINES BRESILIENNES<\/span><\/h4>\n<p style=\"text-align: left;\">En 2016 Chantal Grimm fait l'adaptation en fran\u00e7ais d'une douzaine de comptines br\u00e9siliennes collect\u00e9es par Nicolas Nedelec aupr\u00e8s de Lydia Hortelio et par elle-m\u00eame aupr\u00e8s de Rosely Graff qui en fera la traduction litt\u00e9rale. Elle les chante accompagn\u00e9e d'Eric Denis (Guitare Bernard Fougerol). Ces comptines sont publi\u00e9es dans la revue La Grande Oreille N\u00b065, avec un QR Code pour l'\u00e9coute.\u00a0Cliquez sur l'image pour consulter les textes illustr\u00e9s par Laurent Cardon.<\/p>\n<p style=\"text-align: left;\">COMMANDER CE NUM\u00c9RO SUR LE SITE DE LA REVUE LA GRANDE OREILLE POUR AVOIR LES MUSIQUES :<\/p>\n<p><strong>&gt; <a href=\"http:\/\/lagrandeoreille.com\/numeros\">COMMANDER<\/a><\/strong><\/p>\n<\/div>\n<\/div><\/div><\/div><\/div><div id=\"pgc-209-9-1\"  class=\"panel-grid-cell\" ><div id=\"panel-209-9-1-0\" class=\"so-panel widget widget_sow-image panel-first-child panel-last-child\" data-index=\"19\" ><div\n\t\t\t\n\t\t\tclass=\"so-widget-sow-image so-widget-sow-image-default-6ec9e3772f75-209\"\n\t\t\t\n\t\t>\n<div class=\"sow-image-container\">\n\t\t<img loading=\"lazy\" \n\tsrc=\"https:\/\/chantalgrimm.com\/wp-content\/uploads\/2018\/06\/PetiteOreille_65_roll.jpg\" width=\"450\" height=\"521\" srcset=\"https:\/\/chantalgrimm.com\/wp-content\/uploads\/2018\/06\/PetiteOreille_65_roll.jpg 450w, https:\/\/chantalgrimm.com\/wp-content\/uploads\/2018\/06\/PetiteOreille_65_roll-259x300.jpg 259w\" sizes=\"(max-width: 450px) 100vw, 450px\" alt=\"\" \t\tclass=\"so-widget-image\"\/>\n\t<\/div>\n\n<\/div><\/div><\/div><\/div><\/div><div id=\"pg-209-10\"  class=\"panel-grid panel-no-style\" ><div id=\"pgc-209-10-0\"  class=\"panel-grid-cell\" ><div id=\"panel-209-10-0-0\" class=\"so-panel widget widget_sow-editor panel-first-child panel-last-child\" data-index=\"20\" ><div class=\"panel-widget-style panel-widget-style-for-209-10-0-0\" ><div\n\t\t\t\n\t\t\tclass=\"so-widget-sow-editor so-widget-sow-editor-base\"\n\t\t\t\n\t\t>\n<div class=\"siteorigin-widget-tinymce textwidget\">\n\t<hr \/>\n<h4><\/h4>\n<\/div>\n<\/div><\/div><\/div><\/div><\/div><div id=\"pg-209-11\"  class=\"panel-grid panel-no-style\" ><div id=\"pgc-209-11-0\"  class=\"panel-grid-cell\" ><div id=\"panel-209-11-0-0\" class=\"so-panel widget widget_sow-editor panel-first-child panel-last-child\" data-index=\"21\" ><div\n\t\t\t\n\t\t\tclass=\"so-widget-sow-editor so-widget-sow-editor-base\"\n\t\t\t\n\t\t>\n<div class=\"siteorigin-widget-tinymce textwidget\">\n\t<h4 style=\"text-align: center;\"><span style=\"color: #c67f22;\">\u2665 ILS CHANTENT LES COMPTINES DE CHANTAL GRIMM... \u2665<\/span><\/h4>\n<p style=\"text-align: center;\"><strong> TOUDOU, Isabelle Caillard (CD Enfance et Musique)<\/strong><\/p>\n<\/div>\n<\/div><\/div><\/div><\/div><div id=\"pg-209-12\"  class=\"panel-grid panel-has-style\" ><div class=\"panel-row-style panel-row-style-for-209-12\" ><div id=\"pgc-209-12-0\"  class=\"panel-grid-cell panel-grid-cell-empty\" ><\/div><div id=\"pgc-209-12-1\"  class=\"panel-grid-cell panel-grid-cell-mobile-last\" ><div id=\"panel-209-12-1-0\" class=\"so-panel widget widget_sow-image panel-first-child panel-last-child\" data-index=\"22\" ><div class=\"panel-widget-style panel-widget-style-for-209-12-1-0\" ><div\n\t\t\t\n\t\t\tclass=\"so-widget-sow-image so-widget-sow-image-default-c67d20f9f743-209\"\n\t\t\t\n\t\t>\n<div class=\"sow-image-container\">\n\t\t<img loading=\"lazy\" \n\tsrc=\"https:\/\/chantalgrimm.com\/wp-content\/uploads\/2018\/06\/IsabelleCaillard_Toudou_CD.jpg\" width=\"450\" height=\"406\" srcset=\"https:\/\/chantalgrimm.com\/wp-content\/uploads\/2018\/06\/IsabelleCaillard_Toudou_CD.jpg 450w, https:\/\/chantalgrimm.com\/wp-content\/uploads\/2018\/06\/IsabelleCaillard_Toudou_CD-300x271.jpg 300w\" sizes=\"(max-width: 450px) 100vw, 450px\" alt=\"\" \t\tclass=\"so-widget-image\"\/>\n\t<\/div>\n\n<\/div><\/div><\/div><\/div><div id=\"pgc-209-12-2\"  class=\"panel-grid-cell panel-grid-cell-empty\" ><\/div><\/div><\/div><div id=\"pg-209-13\"  class=\"panel-grid panel-no-style\" ><div id=\"pgc-209-13-0\"  class=\"panel-grid-cell\" ><div id=\"panel-209-13-0-0\" class=\"so-panel widget widget_sow-editor panel-first-child panel-last-child\" data-index=\"23\" ><div class=\"panel-widget-style panel-widget-style-for-209-13-0-0\" ><div\n\t\t\t\n\t\t\tclass=\"so-widget-sow-editor so-widget-sow-editor-base\"\n\t\t\t\n\t\t>\n<div class=\"siteorigin-widget-tinymce textwidget\">\n\t<h4><\/h4>\n<hr \/>\n<p>&nbsp;<\/p>\n<\/div>\n<\/div><\/div><\/div><\/div><\/div><div id=\"pg-209-14\"  class=\"panel-grid panel-no-style\" ><div id=\"pgc-209-14-0\"  class=\"panel-grid-cell\" ><div id=\"panel-209-14-0-0\" class=\"so-panel widget widget_sow-editor panel-first-child\" data-index=\"24\" ><div\n\t\t\t\n\t\t\tclass=\"so-widget-sow-editor so-widget-sow-editor-base\"\n\t\t\t\n\t\t>\n<div class=\"siteorigin-widget-tinymce textwidget\">\n\t<p><span style=\"color: #ffffff;\">Stage<\/span><\/p>\n<\/div>\n<\/div><\/div><div id=\"panel-209-14-0-1\" class=\"so-panel widget widget_media_image panel-last-child\" data-index=\"25\" ><img loading=\"lazy\" decoding=\"async\" width=\"400\" height=\"502\" src=\"https:\/\/chantalgrimm.com\/wp-content\/uploads\/2018\/06\/PetiteChanson.jpg\" class=\"image wp-image-2480  attachment-full size-full\" alt=\"\" style=\"max-width: 100%; height: auto;\" srcset=\"https:\/\/chantalgrimm.com\/wp-content\/uploads\/2018\/06\/PetiteChanson.jpg 400w, https:\/\/chantalgrimm.com\/wp-content\/uploads\/2018\/06\/PetiteChanson-239x300.jpg 239w\" sizes=\"(max-width: 400px) 100vw, 400px\" \/><\/div><\/div><div id=\"pgc-209-14-1\"  class=\"panel-grid-cell\" ><div id=\"panel-209-14-1-0\" class=\"so-panel widget widget_sow-editor panel-first-child panel-last-child\" data-index=\"26\" ><div\n\t\t\t\n\t\t\tclass=\"so-widget-sow-editor so-widget-sow-editor-base\"\n\t\t\t\n\t\t>\n<div class=\"siteorigin-widget-tinymce textwidget\">\n\t<h3 style=\"text-align: left;\"><span style=\"color: #c67f22;\">ECRIRE UN CONTE MUSICAL POUR LA PETITE ENFANCE<\/span><\/h3>\n<p style=\"text-align: left;\">Pendant une dizaine d\u2019ann\u00e9es (de 2000 \u00e0 2011), Chantal Grimm a anim\u00e9 un 2<sup>\u00e8me<\/sup> stage d\u2019\u00e9t\u00e9 consacr\u00e9 \u00e0 l\u2019\u00e9criture de contes et de comptines.\u00a0 Celui-ci se d\u00e9roulait fin ao\u00fbt \u00e0 Chaillol (Hautes-Alpes) et s\u2019appelait <em>Histoires pour vous faire<\/em> <em>marcher.<\/em>\u00a0 Aujourd\u2019hui, le relais est pris par <em>Petites chansons, petit contes<\/em> en Touraine.<\/p>\n<h4 style=\"text-align: left;\"><span style=\"color: #c4841d;\"><span style=\"color: #c67f22;\">STAGE D\u2019\u00c9CRITURE DE CONTES &amp; COMPTINES :\u00a0<\/span> <span style=\"color: #333333;\">PETITES CHANSONS PETITS CONTES<\/span><\/span><\/h4>\n<p style=\"text-align: left;\">Il s\u2019adresse soit aux aspirants conteurs et conteuses, soit aux professionnel(le)s charg\u00e9s de la Petite Enfance. On s\u2019inscrit en individuel ou en groupe sur une p\u00e9riode de 5 jours prise sur les vacances scolaires de la zone B (\u00e9t\u00e9 exclu).\u00a0 Le stage se passe \u00e0 Montargis (pension en chambres individuelles) et le groupe est limit\u00e9 \u00e0 6 personnes.<\/p>\n<p><strong>&gt; <a href=\"https:\/\/chantalgrimm.com\/wp-content\/uploads\/2024\/02\/Inscription-petites-chansons-petits-contes.pdf\">CE STAGE VOUS INT\u00c9RESSE ?<\/a>\u00a0 \u00a0 \u00a0&gt;\u00a0<a href=\"http:\/\/chantalgrimm.com\/wp-content\/uploads\/2018\/05\/LaPetiteOreille.pdf\">VOIR DES PRODUCTIONS R\u00c9ALIS\u00c9ES<\/a><\/strong><\/p>\n<\/div>\n<\/div><\/div><\/div><\/div><div id=\"pg-209-15\"  class=\"panel-grid panel-no-style\" ><div id=\"pgc-209-15-0\"  class=\"panel-grid-cell\" ><div id=\"panel-209-15-0-0\" class=\"so-panel widget widget_sow-editor panel-first-child panel-last-child\" data-index=\"27\" ><div\n\t\t\t\n\t\t\tclass=\"so-widget-sow-editor so-widget-sow-editor-base\"\n\t\t\t\n\t\t>\n<div class=\"siteorigin-widget-tinymce textwidget\">\n\t<h4 style=\"text-align: left;\"><span style=\"color: #c67f22;\">PR\u00c9SENTATION DU STAGE\u00a0<\/span>PETITES CHANSONS PETITS CONTES<\/h4>\n<p style=\"text-align: left;\">Les soci\u00e9t\u00e9s de tradition orale ont invent\u00e9 des formes d\u2019histoires et de chansons adapt\u00e9es \u00e0 tous les publics, surtout ceux qui ne savent pas lire.\u00a0 On commence \u00e0 peine en France \u00e0 red\u00e9couvrir la magie de cette culture, moins m\u00e9pris\u00e9e dans les pays anglo-saxons ou en pays francophones d\u2019outre-mer.<\/p>\n<\/div>\n<\/div><\/div><\/div><div id=\"pgc-209-15-1\"  class=\"panel-grid-cell\" ><div id=\"panel-209-15-1-0\" class=\"so-panel widget widget_media_image panel-first-child panel-last-child\" data-index=\"28\" ><img loading=\"lazy\" decoding=\"async\" width=\"400\" height=\"300\" src=\"https:\/\/chantalgrimm.com\/wp-content\/uploads\/2018\/06\/PetiteChanson2.jpg\" class=\"image wp-image-2481  attachment-full size-full\" alt=\"\" style=\"max-width: 100%; height: auto;\" srcset=\"https:\/\/chantalgrimm.com\/wp-content\/uploads\/2018\/06\/PetiteChanson2.jpg 400w, https:\/\/chantalgrimm.com\/wp-content\/uploads\/2018\/06\/PetiteChanson2-300x225.jpg 300w\" sizes=\"(max-width: 400px) 100vw, 400px\" \/><\/div><\/div><\/div><div id=\"pg-209-16\"  class=\"panel-grid panel-no-style\" ><div id=\"pgc-209-16-0\"  class=\"panel-grid-cell\" ><div id=\"panel-209-16-0-0\" class=\"so-panel widget widget_sow-editor panel-first-child panel-last-child\" data-index=\"29\" ><div\n\t\t\t\n\t\t\tclass=\"so-widget-sow-editor so-widget-sow-editor-base\"\n\t\t\t\n\t\t>\n<div class=\"siteorigin-widget-tinymce textwidget\">\n\t<p style=\"text-align: left;\">Conna\u00eetre l\u2019esth\u00e9tique et le savoir-faire des r\u00e9pertoires de l\u2019\u00e9veil, c\u2019est aussi les r\u00e9-inventer et les adapter au monde d\u2019aujourd\u2019hui\u00a0: comptines \u00e0 jeux ou \u00e0 gestes, virelangues, devinettes et sirandanes, randonn\u00e9es conditionnelles, d\u2019accumulation, de succession\u2026petits jeux de langue parl\u00e9e ou chant\u00e9e (ou les deux) qui n\u2019ont pas toujours de nom mais ravissent l\u2019enfant de son premier \u00e2ge \u00e0 son \u00e2ge de raison (voir les r\u00e9sultats ci-dessous parus dans la revue <em>La Grande Oreille<\/em>).<\/p>\n<p style=\"text-align: left;\">Ce stage d\u2019initiation pour les professionnels de l\u2019enfance ou les simples curieux peut aussi devenir stage de perfectionnement pour les amateurs ou les professionnels du spectacle\u00a0: il est effet l\u2019occasion de monter un vrai conte musical si vous venez avec un th\u00e8me donn\u00e9.\u00a0 La musique vous sera fournie en prime.<\/p>\n<\/div>\n<\/div><\/div><\/div><\/div><\/div>","protected":false},"excerpt":{"rendered":"<p>CHANTAL GRIMM \/ CONTEUSE POUR PETITS &amp; GRANDS Chantal Grimm devient conteuse avec le PARADIS DE LA REINE SIBYLLE, l\u00e9gende m\u00e9di\u00e9vale f\u00e9ministe rapport\u00e9e au XV\u00e8me si\u00e8cle par Antoine de La Sale\u00a0: elle s\u2019en sert pour relier en sc\u00e8ne ses compositions des premi\u00e8res \u00e9ditions du CD Ballades des belles rebelles (voir \u00e0 la rubrique \u00ab Patrimoine\u00a0\u00bb) [&hellip;]<\/p>\n","protected":false},"author":1,"featured_media":0,"parent":0,"menu_order":0,"comment_status":"closed","ping_status":"closed","template":"","meta":{"footnotes":""},"class_list":["post-209","page","type-page","status-publish","hentry","post"],"yoast_head":"<!-- This site is optimized with the Yoast SEO plugin v27.5 - https:\/\/yoast.com\/product\/yoast-seo-wordpress\/ -->\n<title>Chantal Grimm : Contes musicaux et comptines pour maternelles<\/title>\n<meta name=\"description\" content=\"Chantal Grimm : Contes musicaux et comptines pour maternelles\" \/>\n<meta name=\"robots\" content=\"index, follow, max-snippet:-1, max-image-preview:large, max-video-preview:-1\" \/>\n<link rel=\"canonical\" href=\"https:\/\/chantalgrimm.com\/?page_id=209\" \/>\n<meta property=\"og:locale\" content=\"fr_FR\" \/>\n<meta property=\"og:type\" content=\"article\" \/>\n<meta property=\"og:title\" content=\"Chantal Grimm : Contes musicaux et comptines pour maternelles\" \/>\n<meta property=\"og:description\" content=\"Chantal Grimm : Contes musicaux et comptines pour maternelles\" \/>\n<meta property=\"og:url\" content=\"https:\/\/chantalgrimm.com\/?page_id=209\" \/>\n<meta property=\"og:site_name\" content=\"Chantal Grimm\" \/>\n<meta property=\"article:modified_time\" content=\"2026-02-27T13:54:56+00:00\" \/>\n<meta name=\"twitter:card\" content=\"summary_large_image\" \/>\n<meta name=\"twitter:label1\" content=\"Dur\u00e9e de lecture estim\u00e9e\" \/>\n\t<meta name=\"twitter:data1\" content=\"9 minutes\" \/>\n<script type=\"application\/ld+json\" class=\"yoast-schema-graph\">{\"@context\":\"https:\\\/\\\/schema.org\",\"@graph\":[{\"@type\":\"WebPage\",\"@id\":\"https:\\\/\\\/chantalgrimm.com\\\/?page_id=209\",\"url\":\"https:\\\/\\\/chantalgrimm.com\\\/?page_id=209\",\"name\":\"Chantal Grimm : Contes musicaux et comptines pour maternelles\",\"isPartOf\":{\"@id\":\"https:\\\/\\\/chantalgrimm.com\\\/#website\"},\"datePublished\":\"2018-05-02T14:56:20+00:00\",\"dateModified\":\"2026-02-27T13:54:56+00:00\",\"description\":\"Chantal Grimm : Contes musicaux et comptines pour maternelles\",\"breadcrumb\":{\"@id\":\"https:\\\/\\\/chantalgrimm.com\\\/?page_id=209#breadcrumb\"},\"inLanguage\":\"fr-FR\",\"potentialAction\":[{\"@type\":\"ReadAction\",\"target\":[\"https:\\\/\\\/chantalgrimm.com\\\/?page_id=209\"]}]},{\"@type\":\"BreadcrumbList\",\"@id\":\"https:\\\/\\\/chantalgrimm.com\\\/?page_id=209#breadcrumb\",\"itemListElement\":[{\"@type\":\"ListItem\",\"position\":1,\"name\":\"Home\",\"item\":\"https:\\\/\\\/chantalgrimm.com\\\/\"},{\"@type\":\"ListItem\",\"position\":2,\"name\":\"Contes musicaux et comptines\"}]},{\"@type\":\"WebSite\",\"@id\":\"https:\\\/\\\/chantalgrimm.com\\\/#website\",\"url\":\"https:\\\/\\\/chantalgrimm.com\\\/\",\"name\":\"Chantal Grimm\",\"description\":\"Auteure - Compositrice - Conteuse\",\"publisher\":{\"@id\":\"https:\\\/\\\/chantalgrimm.com\\\/#organization\"},\"potentialAction\":[{\"@type\":\"SearchAction\",\"target\":{\"@type\":\"EntryPoint\",\"urlTemplate\":\"https:\\\/\\\/chantalgrimm.com\\\/?s={search_term_string}\"},\"query-input\":{\"@type\":\"PropertyValueSpecification\",\"valueRequired\":true,\"valueName\":\"search_term_string\"}}],\"inLanguage\":\"fr-FR\"},{\"@type\":\"Organization\",\"@id\":\"https:\\\/\\\/chantalgrimm.com\\\/#organization\",\"name\":\"Chantal Grimm\",\"url\":\"https:\\\/\\\/chantalgrimm.com\\\/\",\"logo\":{\"@type\":\"ImageObject\",\"inLanguage\":\"fr-FR\",\"@id\":\"https:\\\/\\\/chantalgrimm.com\\\/#\\\/schema\\\/logo\\\/image\\\/\",\"url\":\"https:\\\/\\\/chantalgrimm.com\\\/wp-content\\\/uploads\\\/2026\\\/02\\\/cropped-Logo_ChantalGrimm-1.png\",\"contentUrl\":\"https:\\\/\\\/chantalgrimm.com\\\/wp-content\\\/uploads\\\/2026\\\/02\\\/cropped-Logo_ChantalGrimm-1.png\",\"width\":339,\"height\":90,\"caption\":\"Chantal Grimm\"},\"image\":{\"@id\":\"https:\\\/\\\/chantalgrimm.com\\\/#\\\/schema\\\/logo\\\/image\\\/\"}}]}<\/script>\n<!-- \/ Yoast SEO plugin. -->","yoast_head_json":{"title":"Chantal Grimm : Contes musicaux et comptines pour maternelles","description":"Chantal Grimm : Contes musicaux et comptines pour maternelles","robots":{"index":"index","follow":"follow","max-snippet":"max-snippet:-1","max-image-preview":"max-image-preview:large","max-video-preview":"max-video-preview:-1"},"canonical":"https:\/\/chantalgrimm.com\/?page_id=209","og_locale":"fr_FR","og_type":"article","og_title":"Chantal Grimm : Contes musicaux et comptines pour maternelles","og_description":"Chantal Grimm : Contes musicaux et comptines pour maternelles","og_url":"https:\/\/chantalgrimm.com\/?page_id=209","og_site_name":"Chantal Grimm","article_modified_time":"2026-02-27T13:54:56+00:00","twitter_card":"summary_large_image","twitter_misc":{"Dur\u00e9e de lecture estim\u00e9e":"9 minutes"},"schema":{"@context":"https:\/\/schema.org","@graph":[{"@type":"WebPage","@id":"https:\/\/chantalgrimm.com\/?page_id=209","url":"https:\/\/chantalgrimm.com\/?page_id=209","name":"Chantal Grimm : Contes musicaux et comptines pour maternelles","isPartOf":{"@id":"https:\/\/chantalgrimm.com\/#website"},"datePublished":"2018-05-02T14:56:20+00:00","dateModified":"2026-02-27T13:54:56+00:00","description":"Chantal Grimm : Contes musicaux et comptines pour maternelles","breadcrumb":{"@id":"https:\/\/chantalgrimm.com\/?page_id=209#breadcrumb"},"inLanguage":"fr-FR","potentialAction":[{"@type":"ReadAction","target":["https:\/\/chantalgrimm.com\/?page_id=209"]}]},{"@type":"BreadcrumbList","@id":"https:\/\/chantalgrimm.com\/?page_id=209#breadcrumb","itemListElement":[{"@type":"ListItem","position":1,"name":"Home","item":"https:\/\/chantalgrimm.com\/"},{"@type":"ListItem","position":2,"name":"Contes musicaux et comptines"}]},{"@type":"WebSite","@id":"https:\/\/chantalgrimm.com\/#website","url":"https:\/\/chantalgrimm.com\/","name":"Chantal Grimm","description":"Auteure - Compositrice - Conteuse","publisher":{"@id":"https:\/\/chantalgrimm.com\/#organization"},"potentialAction":[{"@type":"SearchAction","target":{"@type":"EntryPoint","urlTemplate":"https:\/\/chantalgrimm.com\/?s={search_term_string}"},"query-input":{"@type":"PropertyValueSpecification","valueRequired":true,"valueName":"search_term_string"}}],"inLanguage":"fr-FR"},{"@type":"Organization","@id":"https:\/\/chantalgrimm.com\/#organization","name":"Chantal Grimm","url":"https:\/\/chantalgrimm.com\/","logo":{"@type":"ImageObject","inLanguage":"fr-FR","@id":"https:\/\/chantalgrimm.com\/#\/schema\/logo\/image\/","url":"https:\/\/chantalgrimm.com\/wp-content\/uploads\/2026\/02\/cropped-Logo_ChantalGrimm-1.png","contentUrl":"https:\/\/chantalgrimm.com\/wp-content\/uploads\/2026\/02\/cropped-Logo_ChantalGrimm-1.png","width":339,"height":90,"caption":"Chantal Grimm"},"image":{"@id":"https:\/\/chantalgrimm.com\/#\/schema\/logo\/image\/"}}]}},"_links":{"self":[{"href":"https:\/\/chantalgrimm.com\/index.php?rest_route=\/wp\/v2\/pages\/209","targetHints":{"allow":["GET"]}}],"collection":[{"href":"https:\/\/chantalgrimm.com\/index.php?rest_route=\/wp\/v2\/pages"}],"about":[{"href":"https:\/\/chantalgrimm.com\/index.php?rest_route=\/wp\/v2\/types\/page"}],"author":[{"embeddable":true,"href":"https:\/\/chantalgrimm.com\/index.php?rest_route=\/wp\/v2\/users\/1"}],"replies":[{"embeddable":true,"href":"https:\/\/chantalgrimm.com\/index.php?rest_route=%2Fwp%2Fv2%2Fcomments&post=209"}],"version-history":[{"count":419,"href":"https:\/\/chantalgrimm.com\/index.php?rest_route=\/wp\/v2\/pages\/209\/revisions"}],"predecessor-version":[{"id":4401,"href":"https:\/\/chantalgrimm.com\/index.php?rest_route=\/wp\/v2\/pages\/209\/revisions\/4401"}],"wp:attachment":[{"href":"https:\/\/chantalgrimm.com\/index.php?rest_route=%2Fwp%2Fv2%2Fmedia&parent=209"}],"curies":[{"name":"wp","href":"https:\/\/api.w.org\/{rel}","templated":true}]}}