{"id":261,"date":"2018-05-02T18:24:14","date_gmt":"2018-05-02T16:24:14","guid":{"rendered":"http:\/\/chantalgrimm.com\/?page_id=261"},"modified":"2026-02-27T14:50:26","modified_gmt":"2026-02-27T13:50:26","slug":"ateliers-decriture","status":"publish","type":"page","link":"https:\/\/chantalgrimm.com\/?page_id=261","title":{"rendered":"Ateliers d&rsquo;\u00e9criture"},"content":{"rendered":"<div id=\"pl-261\"  class=\"panel-layout\" ><div id=\"pg-261-0\"  class=\"panel-grid panel-no-style\" ><div id=\"pgc-261-0-0\"  class=\"panel-grid-cell\" ><div id=\"panel-261-0-0-0\" class=\"so-panel widget widget_sow-image panel-first-child panel-last-child\" data-index=\"0\" ><div\n\t\t\t\n\t\t\tclass=\"so-widget-sow-image so-widget-sow-image-default-113ccd71f3e6-261\"\n\t\t\t\n\t\t>\n<div class=\"sow-image-container\">\n\t\t<img fetchpriority=\"high\" \n\tsrc=\"https:\/\/chantalgrimm.com\/wp-content\/uploads\/2026\/02\/Actu_Ateliers_Desmots.jpg\" width=\"1400\" height=\"590\" sizes=\"(max-width: 1400px) 100vw, 1400px\" alt=\"des mots pour d\u00e9mos - \u00e9criture de chansons - stage d\u2019Initiation SAMEDI 19 AVRIL, dimanche 20 AVRIL ET LUNDI 21 AVRIL 2025\" \t\tclass=\"so-widget-image\"\/>\n\t<\/div>\n\n<\/div><\/div><\/div><\/div><div id=\"pg-261-1\"  class=\"panel-grid panel-no-style\" ><div id=\"pgc-261-1-0\"  class=\"panel-grid-cell\" ><div id=\"panel-261-1-0-0\" class=\"so-panel widget widget_sow-editor panel-first-child panel-last-child\" data-index=\"1\" ><div\n\t\t\t\n\t\t\tclass=\"so-widget-sow-editor so-widget-sow-editor-base\"\n\t\t\t\n\t\t>\n<div class=\"siteorigin-widget-tinymce textwidget\">\n\t<h3 style=\"text-align: center;\"><span style=\"color: #c67f22;\">CHANTAL GRIMM \/ <span style=\"color: #333333;\">CR\u00c9ATRICE &amp; ANIMATRICE D'ATELIERS D\u2019\u00c9CRITURE DE CHANSONS<\/span><\/span><\/h3>\n<p>La crise de la chanson \u00e0 texte en 1983 va mettre Chantal Grimm sur les rails de la p\u00e9dagogie gr\u00e2ce \u00e0 une demande de formation \u00e0 la chanson \u00e9manant du Minist\u00e8re de la Culture. Elle y fait ses premiers pas en ind\u00e9pendante, appelant \u00e0 elle les chanteurs de sa g\u00e9n\u00e9ration les plus susceptibles de participer \u00e0 ce projet.<\/p>\n<p>Elle frappe \u00e0 la porte de l\u2019Alliance-Fran\u00e7aise o\u00f9 une directrice avis\u00e9e, Simone Lieutaud, lui donne \u00e0 animer des stages de professeurs de fran\u00e7ais qui viennent de partout dans le monde. Quand les attach\u00e9s linguistiques des Centres Culturels d\u2019Allemagne (Cologne, D\u00fcsseldorf, Hanovre, Hambourg, M\u00fcnich) lui demandent d\u2019intervenir sur place, Chantal Grimm ne sait pas encore que son \u00ab\u00a0fran\u00e7ais par la chanson\u00a0\u00bb part pour une carri\u00e8re intermittente de 11 ann\u00e9es qui l\u2019emm\u00e8nera dans une douzaine de pays, dont plusieurs fois en Su\u00e8de, en Italie, en Inde et aux Etats-Unis.\u00a0 Sa carri\u00e8re de chanteuse-p\u00e9dagogue itin\u00e9rante ne s\u2019interrompra qu\u2019en 1996, avec l\u2019extension d\u2019Internet.<\/p>\n<p>Dans le m\u00eame temps, elle fait partie en France de l\u2019\u00e9quipe pionni\u00e8re des Ateliers-chanson de Paris (cr\u00e9\u00e9es par Christian Dente) qui deviendront La Manufacture-chanson. Elle sollicite elle-m\u00eame de faire partie de l\u2019\u00e9quipe d\u2019Aleph-Ecriture dirig\u00e9e par Alain Andr\u00e9. S\u2019en suivent deux autres belles aventures de \u00ab\u00a0passeuse de mots\u00a0\u00bb qui ne s\u2019ach\u00e8veront que dans les ann\u00e9es 2010, en raison de la concurrence qu\u2019elle cr\u00e9e elle-m\u00eame avec l\u2019association des Ecrivants Chanteurs qu\u2019elle a fond\u00e9e.<\/p>\n<p>M\u00eame long parcours avec l\u2019Institut de Formation des Musiciens Intervenants de Toulouse (IFMI) dirig\u00e9 par Joseph Broussaudier, o\u00f9 elle transmet \u00e0 des jeunes musiciens le virus de l\u2019\u00e9criture po\u00e9tique\u00a0; ainsi que, quelques ann\u00e9es seulement, \u00e0 ceux de Poitiers (CFMI)\u00a0 et d\u2019une fa\u00e7on plus intermittente, \u00e0 ceux de la capitale, par La Direction des Affaires Scolaires de la Ville de Paris (DASCO)\u00a0avec le musicien Paul-Andr\u00e9 Maby.<\/p>\n<p>Par ailleurs, elle s\u2019amuse plusieurs ann\u00e9es au Th\u00e9\u00e2tre des Roches de Montreuil \u00e0 inventer des comptines malicieuses avec des jeunes candidats au BAFA (Jeunesse et Sports 93), et \u00e0 faire des gal\u00e9jades avec de jeunes retrait\u00e9s dans l\u2019\u00e9ph\u00e9m\u00e8re Maison de l\u2019Ecriture et de la Lecture de Marseille fond\u00e9e par Nadia Leclerc. Sans compter quelques stages d\u2019\u00e9t\u00e9 en Bretagne (\u00e0 Rez\u00e9 pr\u00e8s de Nantes) avec le musicien Philippe Bizais.<\/p>\n<p>En parall\u00e8le, Chantal Grimm monte avec la com\u00e9dienne Dominique Mac Avoy et le chanteur Claude Astier\u00a0 \u00ab\u00a0la Plume de l\u2019oiseau\u00a0\u00bb, atelier d\u2019\u00e9change de techniques d\u2019\u00e9criture avec des artistes en activit\u00e9. Sous le m\u00eame vocable ont lieu de m\u00e9morables s\u00e9ances \u00ab\u00a0pirates\u00a0\u00bb que le groupe anime au March\u00e9 de la Po\u00e9sie avec Marc Havet (du Cabaret Au Magique) et des \u00e9missions-ateliers publics que Chantal Grimm organise au Loup du faubourg (dirig\u00e9 par Marie-Pierre de Porta) qui sont retransmises sur Radio Libertaire par Nadia Gu\u00e9dri.<\/p>\n<p>Appel\u00e9e \u00e0 La Sorbonne\/Paris-IV pour remplacer Jean-Claude Klein, elle y devient charg\u00e9e de cours en licence et transforme un module de sociologie des vari\u00e9t\u00e9s en module de cr\u00e9ation de chansons en collaborant avec Catherine Rudent (aujourd\u2019hui directrice de l\u2019UFR de Musique et Musicologie).<\/p>\n<p>Ses meilleurs \u00e9l\u00e8ves\u00a0ou accompagnateurs de toutes ces exp\u00e9riences deviendront musiciens de base de l\u2019association des Ecrivants Chanteurs qu'elle va fonder.<\/p>\n<p>Entre temps, Chantal Grimm a \u00e9t\u00e9 coordinatrice des stages du CRAC-Marseille dirig\u00e9 par Pierre-Georges Farrugia (Rencontres Internationales de la Chanson en Provence), \u00e0 Digne, Apt et Salon-de-Provence. C'est \u00e0 la fin de cette exp\u00e9rience r\u00e9v\u00e9latrice qu'elle a l'id\u00e9e de fonder sa propre association sur la p\u00e9dagogie de la chanson, d'abord dans un cadre estival.<\/p>\n<p>En 1997, Chantal Grimm et G\u00e9rard Brunschwig cr\u00e9ent un stage d\u2019\u00e9t\u00e9 au bord de la Manche pour les amateurs avec l'association Pivoine qui deviendra une petite maison d'\u00e9dition. Le stage d\u00e9m\u00e9nage de Granville \u00e0 Houlgate (2006) tandis que se cr\u00e9e officiellement l\u2019association des \u00ab Ecrivants Chanteurs \u00bb dont Chantal Grimm reste la fondatrice b\u00e9n\u00e9vole. Le succ\u00e8s de ce stage ne s\u2019est pas d\u00e9menti pendant plus de 20 ans. Apr\u00e8s la pand\u00e9mie, Chantal Grimm l\u2019a laiss\u00e9 \u00e0 d\u2019autres animateurs de son association. Le nouveau stage qu'elle a cr\u00e9\u00e9, <em><strong>Allez plus loin \u00e0 Kerhostin<\/strong><\/em>, est en octobre, sur <strong>la 1<sup>\u00e8re<\/sup> \u00a0semaine de vacances d\u2019automne.<\/strong><\/p>\n<p>&nbsp;<\/p>\n<hr \/>\n<p>&nbsp;<\/p>\n<\/div>\n<\/div><\/div><\/div><\/div><div id=\"pg-261-2\"  class=\"panel-grid panel-no-style\" ><div id=\"pgc-261-2-0\"  class=\"panel-grid-cell\" ><div id=\"panel-261-2-0-0\" class=\"so-panel widget widget_sow-editor panel-first-child\" data-index=\"2\" ><div class=\"panel-widget-style panel-widget-style-for-261-2-0-0\" ><div\n\t\t\t\n\t\t\tclass=\"so-widget-sow-editor so-widget-sow-editor-base\"\n\t\t\t\n\t\t>\n<div class=\"siteorigin-widget-tinymce textwidget\">\n\t<\/div>\n<\/div><\/div><\/div><div id=\"panel-261-2-0-1\" class=\"so-panel widget widget_media_image panel-last-child\" data-index=\"3\" ><img decoding=\"async\" width=\"1188\" height=\"2076\" src=\"https:\/\/chantalgrimm.com\/wp-content\/uploads\/2025\/01\/CD-2024.png\" class=\"image wp-image-3739  attachment-full size-full\" alt=\"\" style=\"max-width: 100%; height: auto;\" srcset=\"https:\/\/chantalgrimm.com\/wp-content\/uploads\/2025\/01\/CD-2024.png 1188w, https:\/\/chantalgrimm.com\/wp-content\/uploads\/2025\/01\/CD-2024-879x1536.png 879w, https:\/\/chantalgrimm.com\/wp-content\/uploads\/2025\/01\/CD-2024-1172x2048.png 1172w\" sizes=\"(max-width: 1188px) 100vw, 1188px\" \/><\/div><\/div><div id=\"pgc-261-2-1\"  class=\"panel-grid-cell\" ><div id=\"panel-261-2-1-0\" class=\"so-panel widget widget_sow-editor panel-first-child panel-last-child\" data-index=\"4\" ><div\n\t\t\t\n\t\t\tclass=\"so-widget-sow-editor so-widget-sow-editor-base\"\n\t\t\t\n\t\t>\n<div class=\"siteorigin-widget-tinymce textwidget\">\n\t<h4><span style=\"color: #c67f22;\"><span style=\"color: #850872;\"><span style=\"color: #b68239;\">1. ATELIER D\u2019\u00c9CRITURE DE CHANSON :<\/span> <\/span><span style=\"color: #333333;\">DES MOTS POUR DEMOS<\/span><\/span><\/h4>\n<p style=\"text-align: left;\">ATELIER MENSUEL EN PR\u00c9SENTIEL ET EN DISTANCIEL<\/p>\n<p style=\"text-align: left;\">L\u2019atelier de Chantal Grimm s\u2019adresse \u00e0 toute personne d\u00e9sireuse de s\u2019initier \u00e0 l\u2019\u00e9criture de chansons. On peut avoir appris la musique ou non. Pas de dipl\u00f4me requis, pas de limite d\u2019\u00e2ge. Gratuit pour les musiciens, et \u00e0 peine payant pour les \u00ab litt\u00e9raires \u00bb (25 \u20ac au trimestre qui leur ouvre la possibilit\u00e9 d\u2019avoir un air sur leurs paroles), cet atelier aboutit \u00e0 des \u0153uvres qui peuvent \u00eatre d\u00e9fendues ensuite sur sc\u00e8ne ou en disque, par soi-m\u00eame ou par quelqu\u2019un d\u2019autre.<\/p>\n<p><strong>On peut participer \u00e0 cet atelier sur abonnement par trimestre (25 \u20ac) pour avoir les consignes par mail.\u00a0<\/strong> Les s\u00e9ances en pr\u00e9sentiel sont un \u00ab plus \u00bb. L\u2019abonnement permet d\u2019envoyer ses textes au groupe, d\u2019en avoir des retours, et de susciter des propositions de mise en musique de la part des m\u00e9lodistes et des arrangeurs de l\u2019association qui se trouvent \u00e0 plusieurs endroits de la France. Le travail technique est lui-m\u00eame \u00e9valu\u00e9 \u00e0 60 \u20ac pour l\u2019habillage de la chanson en home studio. L\u2019association publie ainsi 3 disques collectifs par an.<\/p>\n<p>Mais, \u00e0 moins d\u2019\u00eatre d\u00e9j\u00e0 dans le m\u00e9tier, on ne peut suivre l\u2019atelier<em> Des mots pour d\u00e9mos \u00ab\u00a0avanc\u00e9\u00a0\u00bb<\/em>\u00a0 sans avoir suivi au pr\u00e9alable un <em>stage d\u2019initiation<\/em>...<\/p>\n<\/div>\n<\/div><\/div><\/div><\/div><div id=\"pg-261-3\"  class=\"panel-grid panel-no-style\" ><div id=\"pgc-261-3-0\"  class=\"panel-grid-cell\" ><div id=\"panel-261-3-0-0\" class=\"so-panel widget widget_sow-editor panel-first-child panel-last-child\" data-index=\"5\" ><div\n\t\t\t\n\t\t\tclass=\"so-widget-sow-editor so-widget-sow-editor-base\"\n\t\t\t\n\t\t>\n<div class=\"siteorigin-widget-tinymce textwidget\">\n\t<hr \/>\n<h4 style=\"text-align: center;\"><span style=\"color: #b68239;\">CENTENAIRE BRASSENS 2021<\/span><\/h4>\n<p style=\"text-align: center;\">UN EXEMPLE D\u2019ATELIER D\u2019INITIATION \u00c0 L\u2019\u00c9CRITURE DE CHANSONS<\/p>\n<p style=\"text-align: center;\">par l\u2019association des Ecrivants Chanteurs (animatrices Chantal Grimm et Marie-Laure Gasnier, musiciens pr\u00e9sents Mich\u00e8le Garance, Philippe Branellec, Quentin Martel).<\/p>\n<p style=\"text-align: center;\">Atelier d'\u00e9criture de Chansons - Brassens, le 9 octobre 2021<\/p>\n<p>&nbsp;<\/p>\n<hr \/>\n<p>&nbsp;<\/p>\n<\/div>\n<\/div><\/div><\/div><\/div><div id=\"pg-261-4\"  class=\"panel-grid panel-no-style\" ><div id=\"pgc-261-4-0\"  class=\"panel-grid-cell\" ><div id=\"panel-261-4-0-0\" class=\"so-panel widget widget_media_image panel-first-child panel-last-child\" data-index=\"6\" ><img decoding=\"async\" width=\"1024\" height=\"1024\" src=\"https:\/\/chantalgrimm.com\/wp-content\/uploads\/2021\/06\/Stage_DesMots_visu-1024x1024.jpg\" class=\"image wp-image-3132  attachment-large size-large\" alt=\"\" style=\"max-width: 100%; height: auto;\" srcset=\"https:\/\/chantalgrimm.com\/wp-content\/uploads\/2021\/06\/Stage_DesMots_visu-1024x1024.jpg 1024w, https:\/\/chantalgrimm.com\/wp-content\/uploads\/2021\/06\/Stage_DesMots_visu-300x300.jpg 300w, https:\/\/chantalgrimm.com\/wp-content\/uploads\/2021\/06\/Stage_DesMots_visu-150x150.jpg 150w, https:\/\/chantalgrimm.com\/wp-content\/uploads\/2021\/06\/Stage_DesMots_visu-768x768.jpg 768w, https:\/\/chantalgrimm.com\/wp-content\/uploads\/2021\/06\/Stage_DesMots_visu-1536x1536.jpg 1536w, https:\/\/chantalgrimm.com\/wp-content\/uploads\/2021\/06\/Stage_DesMots_visu-2048x2048.jpg 2048w\" sizes=\"(max-width: 1024px) 100vw, 1024px\" \/><\/div><\/div><div id=\"pgc-261-4-1\"  class=\"panel-grid-cell\" ><div id=\"panel-261-4-1-0\" class=\"so-panel widget widget_sow-editor panel-first-child panel-last-child\" data-index=\"7\" ><div\n\t\t\t\n\t\t\tclass=\"so-widget-sow-editor so-widget-sow-editor-base\"\n\t\t\t\n\t\t>\n<div class=\"siteorigin-widget-tinymce textwidget\">\n\t<h4><span style=\"color: #c67f22;\"><span style=\"color: #b68239;\">2. STAGE D\u2019\u00c9CRITURE DE CHANSONS :<\/span><\/span><\/h4>\n<h4><span style=\"color: #c67f22;\"><span style=\"color: #333333;\">SP\u00c9CIAL D\u00c9BUTANTS<\/span><\/span><\/h4>\n<p>Chantal Grimm renouvelle chaque ann\u00e9e un stage d\u2019initiation \u00e0 l\u2019\u00e9criture de chansons en 3 jours \u00e0 Paris \u00e0 P\u00e2ques et \u00e0 la Toussaint.<\/p>\n<p>Les inscriptions sont ouvertes toute l\u2019ann\u00e9e.<\/p>\n<p><strong>&gt; <a href=\"https:\/\/chantalgrimm.com\/wp-content\/uploads\/2025\/03\/bulletin-d-inscription-DES-MOTS-pour-DEMOS-Formulaire-2025.pdf\">TELECHARGER LE BULLETIN D'INSCRIPTION<\/a><\/strong><\/p>\n<\/div>\n<\/div><\/div><\/div><\/div><div id=\"pg-261-5\"  class=\"panel-grid panel-no-style\" ><div id=\"pgc-261-5-0\"  class=\"panel-grid-cell\" ><div id=\"panel-261-5-0-0\" class=\"so-panel widget widget_sow-editor panel-first-child panel-last-child\" data-index=\"8\" ><div\n\t\t\t\n\t\t\tclass=\"so-widget-sow-editor so-widget-sow-editor-base\"\n\t\t\t\n\t\t>\n<div class=\"siteorigin-widget-tinymce textwidget\">\n\t<h4 style=\"text-align: left;\"><span style=\"color: #b68239;\">3. \u00ab ALLEZ PLUS LOIN \u00bb A KERHOSTIN<\/span><\/h4>\n<p>Ce nouveau stage aura lieu du 18 au 25 octobre 2025 au Relais St Joseph sur la presqu\u2019\u00eele de Quiberon.<\/p>\n<p>Au programme : en plus de la cr\u00e9ation de chansons (\u00e9criture, mise en musique, enregistrement), les textes de lien, les id\u00e9es de mise en sc\u00e8ne par soi-m\u00eame\u2026 pour trouver son conteur ou son clown, son com\u00e9dien ou son po\u00e8te.<\/p>\n<\/div>\n<\/div><\/div><\/div><\/div><div id=\"pg-261-6\"  class=\"panel-grid panel-no-style\" ><div id=\"pgc-261-6-0\"  class=\"panel-grid-cell\" ><div id=\"panel-261-6-0-0\" class=\"so-panel widget widget_sow-image panel-first-child\" data-index=\"9\" ><div\n\t\t\t\n\t\t\tclass=\"so-widget-sow-image so-widget-sow-image-default-8b5b6f678277-261\"\n\t\t\t\n\t\t>\n<div class=\"sow-image-container\">\n\t\t<img loading=\"lazy\" \n\tsrc=\"https:\/\/chantalgrimm.com\/wp-content\/uploads\/2022\/09\/Allez-plus-loin.jpg\" width=\"640\" height=\"360\" sizes=\"(max-width: 640px) 100vw, 640px\" title=\"Allez plus loin\" alt=\"Voici ce que vous verrez de vos fen\u00eatres du Relais St Joseph\" \t\tclass=\"so-widget-image\"\/>\n\t<\/div>\n\n<\/div><\/div><div id=\"panel-261-6-0-1\" class=\"so-panel widget widget_sow-image panel-last-child\" data-index=\"10\" ><div\n\t\t\t\n\t\t\tclass=\"so-widget-sow-image so-widget-sow-image-default-58576722bc06-261\"\n\t\t\t\n\t\t>\n<div class=\"sow-image-container\">\n\t\t<img loading=\"lazy\" \n\tsrc=\"https:\/\/chantalgrimm.com\/wp-content\/uploads\/2026\/02\/stage-KER26.jpeg\" width=\"640\" height=\"441\" sizes=\"(max-width: 640px) 100vw, 640px\" title=\"\u00ab ALLEZ PLUS LOIN \u00bb A KERHOSTIN\" alt=\"\u00ab ALLEZ PLUS LOIN \u00bb A KERHOSTIN\" \t\tclass=\"so-widget-image\"\/>\n\t<\/div>\n\n<\/div><\/div><\/div><div id=\"pgc-261-6-1\"  class=\"panel-grid-cell\" ><div id=\"panel-261-6-1-0\" class=\"so-panel widget widget_sow-image panel-first-child\" data-index=\"11\" ><div\n\t\t\t\n\t\t\tclass=\"so-widget-sow-image so-widget-sow-image-default-8b5b6f678277-261\"\n\t\t\t\n\t\t>\n<div class=\"sow-image-container\">\n\t\t<img loading=\"lazy\" \n\tsrc=\"https:\/\/chantalgrimm.com\/wp-content\/uploads\/2022\/09\/Lape\u0301ro-des-chanteurs.jpeg\" width=\"640\" height=\"360\" sizes=\"(max-width: 640px) 100vw, 640px\" title=\"Ap\u00e9ro au petit port de Portivy\" alt=\"Ap\u00e9ro au petit port de Portivy\" \t\tclass=\"so-widget-image\"\/>\n\t<\/div>\n\n<\/div><\/div><div id=\"panel-261-6-1-1\" class=\"so-panel widget widget_sow-editor panel-last-child\" data-index=\"12\" ><div\n\t\t\t\n\t\t\tclass=\"so-widget-sow-editor so-widget-sow-editor-base\"\n\t\t\t\n\t\t>\n<div class=\"siteorigin-widget-tinymce textwidget\">\n\t<p>&nbsp;<\/p>\n<p style=\"text-align: center;\">Bulletin d\u2019inscription disponible ci-dessous.<\/p>\n<p style=\"text-align: center;\">Imprimez-le et envoyez-le d\u00fbment rempli \u00e0 l'adresse ci-dessous<\/p>\n<p style=\"text-align: center;\"><em>LES ECRIVANTS CHANTEURS <\/em><em>B.L. 26<\/em><br \/>\n<em>55 rue Raymond Losserand - 75014 PARIS<\/em><\/p>\n<p style=\"text-align: center;\">ou par mail \u00e0 <a href=\"mailto:ecrivantschanteurs@free.fr\">ecrivantschanteurs@free.fr<\/a><\/p>\n<p style=\"text-align: center;\"><strong>&gt; <a href=\"https:\/\/chantalgrimm.com\/wp-content\/uploads\/2026\/02\/Bulletin_Inscription_Kerhostin2026-copie.pdf\" target=\"_blank\" rel=\"noopener\">TELECHARGER LE BULLETIN D'INSCRIPTION<\/a><\/strong><\/p>\n<\/div>\n<\/div><\/div><\/div><\/div><div id=\"pg-261-7\"  class=\"panel-grid panel-no-style\" ><div id=\"pgc-261-7-0\"  class=\"panel-grid-cell\" ><div id=\"panel-261-7-0-0\" class=\"so-panel widget widget_sow-editor panel-first-child panel-last-child\" data-index=\"13\" ><div\n\t\t\t\n\t\t\tclass=\"so-widget-sow-editor so-widget-sow-editor-base\"\n\t\t\t\n\t\t>\n<div class=\"siteorigin-widget-tinymce textwidget\">\n\t<hr \/>\n<h3 style=\"text-align: center;\"><span style=\"color: #c67f22;\">\u2663 ILS CHANTENT CE QU'ILS \u00c9CRIVENT \u00c0 L'ATELIER <em>DES MOTS POUR DEMOS...<\/em> \u2663<br \/>\n<\/span><\/h3>\n<p style=\"text-align: center;\"><strong>LISE MARTIN<\/strong>\u00a0<em>DERRI\u00c8RE\u00a0LE MUR<\/em>\u00a0(L.Martin)<\/p>\n<\/div>\n<\/div><\/div><\/div><\/div><div id=\"pg-261-8\"  class=\"panel-grid panel-no-style\" ><div id=\"pgc-261-8-0\"  class=\"panel-grid-cell panel-grid-cell-empty\" ><\/div><div id=\"pgc-261-8-1\"  class=\"panel-grid-cell panel-grid-cell-mobile-last\" ><div id=\"panel-261-8-1-0\" class=\"so-panel widget widget_sow-video panel-first-child panel-last-child\" data-index=\"14\" ><div\n\t\t\t\n\t\t\tclass=\"so-widget-sow-video so-widget-sow-video-default-c08170c47cfb-261\"\n\t\t\t\n\t\t>\n<div class=\"sow-video-wrapper\n use-fitvids\">\n\t\t\t<video\n\t\t\tid=\"sow-player-1\" class=\"sow-video-widget\" preload=\"auto\" style=\"width:100%;height:100%;\" controls \t\t>\n\t\t\t\t\t\t\t<source type=\"\" src=\"https:\/\/www.youtube.com\/watch?v=0-D0VBy-rJg\"\/>\n\t\t\t\t\t<\/video>\n\t<\/div>\n<\/div><\/div><\/div><div id=\"pgc-261-8-2\"  class=\"panel-grid-cell panel-grid-cell-empty\" ><\/div><\/div><div id=\"pg-261-9\"  class=\"panel-grid panel-no-style\" ><div id=\"pgc-261-9-0\"  class=\"panel-grid-cell\" ><div id=\"panel-261-9-0-0\" class=\"so-panel widget widget_sow-editor panel-first-child panel-last-child\" data-index=\"15\" ><div class=\"panel-widget-style panel-widget-style-for-261-9-0-0\" ><div\n\t\t\t\n\t\t\tclass=\"so-widget-sow-editor so-widget-sow-editor-base\"\n\t\t\t\n\t\t>\n<div class=\"siteorigin-widget-tinymce textwidget\">\n\t<hr \/>\n<h3 style=\"text-align: center;\"><span style=\"color: #c67f22;\">\u2663 ... ET PARFOIS M\u00caME SUR LES MUSIQUES DE CHANTAL GRIMM\u00a0\u2663<\/span><\/h3>\n<\/div>\n<\/div><\/div><\/div><\/div><\/div><div id=\"pg-261-10\"  class=\"panel-grid panel-no-style\" ><div id=\"pgc-261-10-0\"  class=\"panel-grid-cell\" ><div id=\"panel-261-10-0-0\" class=\"so-panel widget widget_sow-editor panel-first-child\" data-index=\"16\" ><div class=\"panel-widget-style panel-widget-style-for-261-10-0-0\" ><div\n\t\t\t\n\t\t\tclass=\"so-widget-sow-editor so-widget-sow-editor-base\"\n\t\t\t\n\t\t>\n<div class=\"siteorigin-widget-tinymce textwidget\">\n\t<p style=\"text-align: center;\"><strong> MARIE G\u00c2S <\/strong><em>VIOLETTA<\/em><br \/>\n(B.Leyrit\/C.Grimm)<\/p>\n<\/div>\n<\/div><\/div><\/div><div id=\"panel-261-10-0-1\" class=\"so-panel widget widget_sow-video panel-last-child\" data-index=\"17\" ><div\n\t\t\t\n\t\t\tclass=\"so-widget-sow-video so-widget-sow-video-default-c08170c47cfb-261\"\n\t\t\t\n\t\t>\n<div class=\"sow-video-wrapper\n use-fitvids\">\n\t\t\t<video\n\t\t\tid=\"sow-player-2\" class=\"sow-video-widget\" preload=\"auto\" style=\"width:100%;height:100%;\" controls \t\t>\n\t\t\t\t\t\t\t<source type=\"\" src=\"https:\/\/www.youtube.com\/watch?v=gavc-B_XBr8\"\/>\n\t\t\t\t\t<\/video>\n\t<\/div>\n<\/div><\/div><\/div><div id=\"pgc-261-10-1\"  class=\"panel-grid-cell\" ><div id=\"panel-261-10-1-0\" class=\"so-panel widget widget_sow-editor panel-first-child\" data-index=\"18\" ><div class=\"panel-widget-style panel-widget-style-for-261-10-1-0\" ><div\n\t\t\t\n\t\t\tclass=\"so-widget-sow-editor so-widget-sow-editor-base\"\n\t\t\t\n\t\t>\n<div class=\"siteorigin-widget-tinymce textwidget\">\n\t<p style=\"text-align: center;\"><strong>JACOTTE<\/strong> <em>LE MAILLOT DE BAIN<br \/>\n<\/em>(J.Larose\/C.Grimm)<\/p>\n<\/div>\n<\/div><\/div><\/div><div id=\"panel-261-10-1-1\" class=\"so-panel widget widget_sow-video panel-last-child\" data-index=\"19\" ><div\n\t\t\t\n\t\t\tclass=\"so-widget-sow-video so-widget-sow-video-default-c08170c47cfb-261\"\n\t\t\t\n\t\t>\n<div class=\"sow-video-wrapper\n use-fitvids\">\n\t\t\t<video\n\t\t\tid=\"sow-player-3\" class=\"sow-video-widget\" preload=\"auto\" style=\"width:100%;height:100%;\" controls \t\t>\n\t\t\t\t\t\t\t<source type=\"\" src=\"https:\/\/www.youtube.com\/watch?v=dHCkXQLkSuI\"\/>\n\t\t\t\t\t<\/video>\n\t<\/div>\n<\/div><\/div><\/div><div id=\"pgc-261-10-2\"  class=\"panel-grid-cell\" ><div id=\"panel-261-10-2-0\" class=\"so-panel widget widget_sow-editor panel-first-child\" data-index=\"20\" ><div class=\"panel-widget-style panel-widget-style-for-261-10-2-0\" ><div\n\t\t\t\n\t\t\tclass=\"so-widget-sow-editor so-widget-sow-editor-base\"\n\t\t\t\n\t\t>\n<div class=\"siteorigin-widget-tinymce textwidget\">\n\t<p style=\"text-align: center;\"><strong>\u00a0H\u00c9L\u00c8NE DELIGNY<\/strong> <em>UN HOMME C\u2019EST L\u00c0 POUR<\/em><br \/>\n<em>FAIRE JOLI<\/em>\u00a0 (H.Deligny\/C.Grimm)<\/p>\n<\/div>\n<\/div><\/div><\/div><div id=\"panel-261-10-2-1\" class=\"so-panel widget widget_sow-video panel-last-child\" data-index=\"21\" ><div\n\t\t\t\n\t\t\tclass=\"so-widget-sow-video so-widget-sow-video-default-c08170c47cfb-261\"\n\t\t\t\n\t\t>\n<div class=\"sow-video-wrapper\n use-fitvids\">\n\t\t\t<video\n\t\t\tid=\"sow-player-4\" class=\"sow-video-widget\" preload=\"auto\" style=\"width:100%;height:100%;\" controls \t\t>\n\t\t\t\t\t\t\t<source type=\"\" src=\"https:\/\/www.youtube.com\/watch?v=AR5l9zPwCF0\"\/>\n\t\t\t\t\t<\/video>\n\t<\/div>\n<\/div><\/div><\/div><\/div><div id=\"pg-261-11\"  class=\"panel-grid panel-no-style\" ><div id=\"pgc-261-11-0\"  class=\"panel-grid-cell\" ><div id=\"panel-261-11-0-0\" class=\"so-panel widget widget_media_image panel-first-child\" data-index=\"22\" ><div class=\"panel-widget-style panel-widget-style-for-261-11-0-0\" ><figure style=\"width: 383px\" class=\"wp-caption alignnone\"><img loading=\"lazy\" decoding=\"async\" width=\"383\" height=\"363\" src=\"https:\/\/chantalgrimm.com\/wp-content\/uploads\/2024\/03\/Nicole-Guillin-Du-Ptit-Lait.jpg\" class=\"image wp-image-3527  attachment-383x363 size-383x363\" alt=\"Du P&#039;tit Lait - Nicole Guillin\" style=\"max-width: 100%; height: auto;\" \/><figcaption class=\"wp-caption-text\">Du P'tit Lait - Nicole Guillin<\/figcaption><\/figure><\/div><\/div><div id=\"panel-261-11-0-1\" class=\"so-panel widget widget_sow-editor\" data-index=\"23\" ><div class=\"panel-widget-style panel-widget-style-for-261-11-0-1\" ><div\n\t\t\t\n\t\t\tclass=\"so-widget-sow-editor so-widget-sow-editor-base\"\n\t\t\t\n\t\t>\n<div class=\"siteorigin-widget-tinymce textwidget\">\n\t<p><strong>Fine de Claire<\/strong><br \/>\n<em>(N.Guillin\/C.Grimm)<\/em><\/p>\n<\/div>\n<\/div><\/div><\/div><div id=\"panel-261-11-0-2\" class=\"so-panel widget widget_sow-editor panel-last-child\" data-index=\"24\" ><div class=\"panel-widget-style panel-widget-style-for-261-11-0-2\" ><div\n\t\t\t\n\t\t\tclass=\"so-widget-sow-editor so-widget-sow-editor-base\"\n\t\t\t\n\t\t>\n<div class=\"siteorigin-widget-tinymce textwidget\">\n\t<p>Paroli\u00e8re de la com\u00e9dienne-chanteuse Caroline Ferry, Nicole GUILLIN est aussi conteuse-marionnettiste pour le Jeune Public. Elle anime \u00e9galement des ateliers-chanson.<\/p>\n<\/div>\n<\/div><\/div><\/div><\/div><div id=\"pgc-261-11-1\"  class=\"panel-grid-cell\" ><div id=\"panel-261-11-1-0\" class=\"so-panel widget widget_media_image panel-first-child\" data-index=\"25\" ><figure style=\"width: 418px\" class=\"wp-caption alignnone\"><img loading=\"lazy\" decoding=\"async\" width=\"418\" height=\"363\" src=\"https:\/\/chantalgrimm.com\/wp-content\/uploads\/2024\/03\/Marie-Gas-CD-Petites-vies.jpg\" class=\"image wp-image-3520  attachment-full size-full\" alt=\"\" style=\"max-width: 100%; height: auto;\" \/><figcaption class=\"wp-caption-text\">Petites vies - Marie G\u00e2s<\/figcaption><\/figure><\/div><div id=\"panel-261-11-1-1\" class=\"so-panel widget widget_sow-editor panel-last-child\" data-index=\"26\" ><div class=\"panel-widget-style panel-widget-style-for-261-11-1-1\" ><div\n\t\t\t\n\t\t\tclass=\"so-widget-sow-editor so-widget-sow-editor-base\"\n\t\t\t\n\t\t>\n<div class=\"siteorigin-widget-tinymce textwidget\">\n\t<p>Marie G\u00e2s (alias Marie-Laure Gasnier) est militante du mouvement Femmes solidaires et pr\u00e9sidente de l\u2019association des Ecrivants Chanteurs. Elle joue le r\u00f4le de Louise Michel dans le spectacle Dames de ch\u0153ur et de piques (voir la page <a href=\"https:\/\/chantalgrimm.com\/?page_id=210\">PATRIMOINE<\/a>)<\/p>\n<\/div>\n<\/div><\/div><\/div><\/div><div id=\"pgc-261-11-2\"  class=\"panel-grid-cell\" ><div id=\"panel-261-11-2-0\" class=\"so-panel widget widget_media_image panel-first-child\" data-index=\"27\" ><figure style=\"width: 403px\" class=\"wp-caption alignnone\"><img loading=\"lazy\" decoding=\"async\" width=\"403\" height=\"353\" src=\"https:\/\/chantalgrimm.com\/wp-content\/uploads\/2024\/03\/Helene-DELIGNY-CD-Cest-pas-serieux.jpg\" class=\"image wp-image-3519  attachment-full size-full\" alt=\"H\u00e9l\u00e8ne Deligny CD C&#039;est pas s\u00e9rieux\" style=\"max-width: 100%; height: auto;\" \/><figcaption class=\"wp-caption-text\">C'est pas s\u00e9rieux - H\u00e9l\u00e8ne Deligny<\/figcaption><\/figure><\/div><div id=\"panel-261-11-2-1\" class=\"so-panel widget widget_sow-editor\" data-index=\"28\" ><div class=\"panel-widget-style panel-widget-style-for-261-11-2-1\" ><div\n\t\t\t\n\t\t\tclass=\"so-widget-sow-editor so-widget-sow-editor-base\"\n\t\t\t\n\t\t>\n<div class=\"siteorigin-widget-tinymce textwidget\">\n\t<p><strong>Ce que l\u2019on m\u2019a appris<\/strong><br \/>\n<em>(H.Deligny\/ C.Grimm)\u00a0<\/em><\/p>\n<\/div>\n<\/div><\/div><\/div><div id=\"panel-261-11-2-2\" class=\"so-panel widget widget_sow-editor panel-last-child\" data-index=\"29\" ><div class=\"panel-widget-style panel-widget-style-for-261-11-2-2\" ><div\n\t\t\t\n\t\t\tclass=\"so-widget-sow-editor so-widget-sow-editor-base\"\n\t\t\t\n\t\t>\n<div class=\"siteorigin-widget-tinymce textwidget\">\n\t<p>H\u00e9l\u00e8ne Deligny - Auteure-interpr\u00e8te d\u2019un f\u00e9minisme culott\u00e9 (voir vid\u00e9o plus haut),\u00a0 elle joue aussi le r\u00f4le de C\u00e9leste Mogador dans le spectacle Dames de ch\u0153ur et de piques (voir la page <a href=\"https:\/\/chantalgrimm.com\/?page_id=210\">PATRIMOINE<\/a>).<\/p>\n<\/div>\n<\/div><\/div><\/div><\/div><\/div><div id=\"pg-261-12\"  class=\"panel-grid panel-no-style\" ><div id=\"pgc-261-12-0\"  class=\"panel-grid-cell\" ><div id=\"panel-261-12-0-0\" class=\"so-panel widget widget_sow-editor panel-first-child panel-last-child\" data-index=\"30\" ><div class=\"panel-widget-style panel-widget-style-for-261-12-0-0\" ><div\n\t\t\t\n\t\t\tclass=\"so-widget-sow-editor so-widget-sow-editor-base\"\n\t\t\t\n\t\t>\n<div class=\"siteorigin-widget-tinymce textwidget\">\n\t<hr \/>\n<p>&nbsp;<\/p>\n<\/div>\n<\/div><\/div><\/div><\/div><\/div><div id=\"pg-261-13\"  class=\"panel-grid panel-no-style\" ><div id=\"pgc-261-13-0\"  class=\"panel-grid-cell\" ><div id=\"panel-261-13-0-0\" class=\"so-panel widget widget_media_image panel-first-child\" data-index=\"31\" ><figure style=\"width: 420px\" class=\"wp-caption alignnone\"><img loading=\"lazy\" decoding=\"async\" width=\"420\" height=\"371\" src=\"https:\/\/chantalgrimm.com\/wp-content\/uploads\/2024\/03\/Brigitte-LECOURS-CD-A-petits-pas.jpg\" class=\"image wp-image-3517  attachment-full size-full\" alt=\"A petits pas - Brigitte Lecours\" style=\"max-width: 100%; height: auto;\" \/><figcaption class=\"wp-caption-text\">A petits pas - Brigitte Lecours<\/figcaption><\/figure><\/div><div id=\"panel-261-13-0-1\" class=\"so-panel widget widget_sow-editor\" data-index=\"32\" ><div class=\"panel-widget-style panel-widget-style-for-261-13-0-1\" ><div\n\t\t\t\n\t\t\tclass=\"so-widget-sow-editor so-widget-sow-editor-base\"\n\t\t\t\n\t\t>\n<div class=\"siteorigin-widget-tinymce textwidget\">\n\t<p><strong>Ma balle rouge<br \/>\n<\/strong> <em>(B.Lecours \/ C.Grimm)\u00a0<\/em><\/p>\n<\/div>\n<\/div><\/div><\/div><div id=\"panel-261-13-0-2\" class=\"so-panel widget widget_sow-editor panel-last-child\" data-index=\"33\" ><div class=\"panel-widget-style panel-widget-style-for-261-13-0-2\" ><div\n\t\t\t\n\t\t\tclass=\"so-widget-sow-editor so-widget-sow-editor-base\"\n\t\t\t\n\t\t>\n<div class=\"siteorigin-widget-tinymce textwidget\">\n\t<p>Ecrivaine et chanteuse franco-qu\u00e9b\u00e9coise, Brigitte LECOURS \u00e9crit et chante des deux c\u00f4t\u00e9s de l\u2019Atlantique.<\/p>\n<\/div>\n<\/div><\/div><\/div><\/div><div id=\"pgc-261-13-1\"  class=\"panel-grid-cell\" ><div id=\"panel-261-13-1-0\" class=\"so-panel widget widget_media_image panel-first-child\" data-index=\"34\" ><figure style=\"width: 403px\" class=\"wp-caption alignnone\"><img loading=\"lazy\" decoding=\"async\" width=\"403\" height=\"359\" src=\"https:\/\/chantalgrimm.com\/wp-content\/uploads\/2024\/03\/Brigitte-LECOURS-CD-Une-fille-stable.jpg\" class=\"image wp-image-3518  attachment-full size-full\" alt=\"Une fille stable - Brigitte Lecours\" style=\"max-width: 100%; height: auto;\" \/><figcaption class=\"wp-caption-text\">Une fille stable - Brigitte Lecours<\/figcaption><\/figure><\/div><div id=\"panel-261-13-1-1\" class=\"so-panel widget widget_sow-editor panel-last-child\" data-index=\"35\" ><div class=\"panel-widget-style panel-widget-style-for-261-13-1-1\" ><div\n\t\t\t\n\t\t\tclass=\"so-widget-sow-editor so-widget-sow-editor-base\"\n\t\t\t\n\t\t>\n<div class=\"siteorigin-widget-tinymce textwidget\">\n\t<p><strong>Mon aigle<br \/>\n<\/strong> <em>(B.Lecours \/ C.Grimm)\u00a0<\/em><\/p>\n<\/div>\n<\/div><\/div><\/div><\/div><div id=\"pgc-261-13-2\"  class=\"panel-grid-cell\" ><div id=\"panel-261-13-2-0\" class=\"so-panel widget widget_media_image panel-first-child\" data-index=\"36\" ><figure style=\"width: 410px\" class=\"wp-caption alignnone\"><img loading=\"lazy\" decoding=\"async\" width=\"410\" height=\"370\" src=\"https:\/\/chantalgrimm.com\/wp-content\/uploads\/2024\/03\/Nathalie-LILLO-CD-La-Breche.jpg\" class=\"image wp-image-3516  attachment-full size-full\" alt=\"La br\u00e8che - Nathalie Lillo\" style=\"max-width: 100%; height: auto;\" \/><figcaption class=\"wp-caption-text\">La br\u00e8che - Nathalie Lillo<\/figcaption><\/figure><\/div><div id=\"panel-261-13-2-1\" class=\"so-panel widget widget_sow-editor\" data-index=\"37\" ><div class=\"panel-widget-style panel-widget-style-for-261-13-2-1\" ><div\n\t\t\t\n\t\t\tclass=\"so-widget-sow-editor so-widget-sow-editor-base\"\n\t\t\t\n\t\t>\n<div class=\"siteorigin-widget-tinymce textwidget\">\n\t<p><strong>A Calais<br \/>\n<\/strong> <em>(N.Lillo \/ C.Grimm)\u00a0<\/em><\/p>\n<\/div>\n<\/div><\/div><\/div><div id=\"panel-261-13-2-2\" class=\"so-panel widget widget_sow-editor panel-last-child\" data-index=\"38\" ><div class=\"panel-widget-style panel-widget-style-for-261-13-2-2\" ><div\n\t\t\t\n\t\t\tclass=\"so-widget-sow-editor so-widget-sow-editor-base\"\n\t\t\t\n\t\t>\n<div class=\"siteorigin-widget-tinymce textwidget\">\n\t<p>Cette chanson de Nathalie LILLO a \u00e9t\u00e9 laur\u00e9ate au 2\u00e8me concours ECRIRE POUR \u00caTRE CHANT\u00c9 (2017). Inspir\u00e9e par la jungle de Calais, a \u00e9t\u00e9 beaucoup entendue sur certaines radios.<\/p>\n<\/div>\n<\/div><\/div><\/div><\/div><\/div><div id=\"pg-261-14\"  class=\"panel-grid panel-no-style\" ><div id=\"pgc-261-14-0\"  class=\"panel-grid-cell\" ><div id=\"panel-261-14-0-0\" class=\"so-panel widget widget_sow-editor panel-first-child panel-last-child\" data-index=\"39\" ><div class=\"panel-widget-style panel-widget-style-for-261-14-0-0\" ><div\n\t\t\t\n\t\t\tclass=\"so-widget-sow-editor so-widget-sow-editor-base\"\n\t\t\t\n\t\t>\n<div class=\"siteorigin-widget-tinymce textwidget\">\n\t<hr \/>\n<p>&nbsp;<\/p>\n<\/div>\n<\/div><\/div><\/div><\/div><\/div><div id=\"pg-261-15\"  class=\"panel-grid panel-no-style\" ><div id=\"pgc-261-15-0\"  class=\"panel-grid-cell\" ><div id=\"panel-261-15-0-0\" class=\"so-panel widget widget_sow-editor panel-first-child panel-last-child\" data-index=\"40\" ><div class=\"panel-widget-style panel-widget-style-for-261-15-0-0\" ><div\n\t\t\t\n\t\t\tclass=\"so-widget-sow-editor so-widget-sow-editor-base\"\n\t\t\t\n\t\t>\n<div class=\"siteorigin-widget-tinymce textwidget\">\n\t<h3 style=\"text-align: center;\"><span style=\"color: #c67f22;\">\u2663 CONCOURS \u00ab \u00c9CRIRE POUR \u00caTRE CHANT\u00c9 \u00bb\u00a0 \u2663<\/span><\/h3>\n<\/div>\n<\/div><\/div><\/div><\/div><\/div><div id=\"pg-261-16\"  class=\"panel-grid panel-no-style\" ><div id=\"pgc-261-16-0\"  class=\"panel-grid-cell\" ><div id=\"panel-261-16-0-0\" class=\"so-panel widget widget_media_image panel-first-child panel-last-child\" data-index=\"41\" ><div class=\"panel-widget-style panel-widget-style-for-261-16-0-0\" ><img loading=\"lazy\" decoding=\"async\" width=\"800\" height=\"406\" src=\"https:\/\/chantalgrimm.com\/wp-content\/uploads\/2018\/06\/CD_EcrirePourEtreChante.jpg\" class=\"image wp-image-2145  attachment-full size-full\" alt=\"\" style=\"max-width: 100%; height: auto;\" srcset=\"https:\/\/chantalgrimm.com\/wp-content\/uploads\/2018\/06\/CD_EcrirePourEtreChante.jpg 800w, https:\/\/chantalgrimm.com\/wp-content\/uploads\/2018\/06\/CD_EcrirePourEtreChante-300x152.jpg 300w, https:\/\/chantalgrimm.com\/wp-content\/uploads\/2018\/06\/CD_EcrirePourEtreChante-768x390.jpg 768w\" sizes=\"(max-width: 800px) 100vw, 800px\" \/><\/div><\/div><\/div><div id=\"pgc-261-16-1\"  class=\"panel-grid-cell\" ><div id=\"panel-261-16-1-0\" class=\"so-panel widget widget_sow-editor panel-first-child panel-last-child\" data-index=\"42\" ><div class=\"panel-widget-style panel-widget-style-for-261-16-1-0\" ><div\n\t\t\t\n\t\t\tclass=\"so-widget-sow-editor so-widget-sow-editor-base\"\n\t\t\t\n\t\t>\n<div class=\"siteorigin-widget-tinymce textwidget\">\n\t<p>En 2015 Chantal Grimm et G\u00e9rard Brunschwig lancent un <strong>concours \u00c9CRIRE POUR \u00caTRE CHANT\u00c9<\/strong> avec l'association des Ecrivants Chanteurs et Paris-Biblioth\u00e8ques.<\/p>\n<p>Subventionn\u00e9 par la Ville de Paris un disque sort l'ann\u00e9e d'apr\u00e8s : elle compose et chante sur les textes laur\u00e9ats en compagnie de 10 autres musiciens chanteurs de son association.<\/p>\n<p><strong><em>Encore d'autres vies<\/em><\/strong>\u00a0 (Sophie Fedy \/ C.Grimm)<\/p>\n<p><strong><em>Mon clone Eug\u00e8ne<\/em><\/strong> (Nathalie Gaye \/ C.Grimm)<\/p>\n<\/div>\n<\/div><\/div><\/div><\/div><\/div><div id=\"pg-261-17\"  class=\"panel-grid panel-no-style\" ><div id=\"pgc-261-17-0\"  class=\"panel-grid-cell\" ><div id=\"panel-261-17-0-0\" class=\"so-panel widget widget_sow-editor panel-first-child panel-last-child\" data-index=\"43\" ><div class=\"panel-widget-style panel-widget-style-for-261-17-0-0\" ><div\n\t\t\t\n\t\t\tclass=\"so-widget-sow-editor so-widget-sow-editor-base\"\n\t\t\t\n\t\t>\n<div class=\"siteorigin-widget-tinymce textwidget\">\n\t<hr \/>\n<p>&nbsp;<\/p>\n<\/div>\n<\/div><\/div><\/div><\/div><\/div><div id=\"pg-261-18\"  class=\"panel-grid panel-no-style\" ><div id=\"pgc-261-18-0\"  class=\"panel-grid-cell\" ><div id=\"panel-261-18-0-0\" class=\"so-panel widget widget_media_image panel-first-child panel-last-child\" data-index=\"44\" ><div class=\"panel-widget-style panel-widget-style-for-261-18-0-0\" ><img loading=\"lazy\" decoding=\"async\" width=\"794\" height=\"845\" src=\"https:\/\/chantalgrimm.com\/wp-content\/uploads\/2024\/03\/La-Petite-Oreille.jpg\" class=\"image wp-image-3508  attachment-full size-full\" alt=\"La Petite Oreille\" style=\"max-width: 100%; height: auto;\" \/><\/div><\/div><\/div><div id=\"pgc-261-18-1\"  class=\"panel-grid-cell\" ><div id=\"panel-261-18-1-0\" class=\"so-panel widget widget_sow-editor panel-first-child panel-last-child\" data-index=\"45\" ><div class=\"panel-widget-style panel-widget-style-for-261-18-1-0\" ><div\n\t\t\t\n\t\t\tclass=\"so-widget-sow-editor so-widget-sow-editor-base\"\n\t\t\t\n\t\t>\n<div class=\"siteorigin-widget-tinymce textwidget\">\n\t<p>En 2017, Chantal Grimm lance une <strong>deuxi\u00e8me \u00e9dition de ce concours<\/strong> \u00e0 la Maison des Associations du XIV\u00e8me\u00a0sous le titre <em>\u00ab\u00a0comptines pour le temps pr\u00e9sent\u00a0\u00bb<\/em>. Les chansons laur\u00e9ates sont \u00e9dit\u00e9es par <em>La Grande Oreille.<\/em><\/p>\n<p>En 2019, Chantal Grimm, G\u00e9rard Brunschwig et les Ecrivants Chanteurs lancent une troisi\u00e8me \u00e9dition d\u2019ECRIRE POUR \u00caTRE CHANT\u00c9 au Centre d\u2019Animation Paris-Montparnasse, \u00e9tendant le concours \u00e0 des interpr\u00e8tes en devenir.\u00a0 Chantal Grimm continue d\u2019y participer en mettant en musique des po\u00e8tes inconnus (ce qui \u00e9tait le principe de base du concours)\u00a0:<\/p>\n<p><strong><em>Dans ma m\u00e9moire<\/em><\/strong> (Alice Ducrocq \/C.Grimm)<\/p>\n<p>Le Covid sonne le glas de cet \u00e9v\u00e9nement sans subvention qui attirait trop de monde dans des lieux mal adapt\u00e9s...\u00a0 Mais dans l\u2019atelier en distanciel DES MOTS POUR D\u00c9MOS, que Chantal Grimm anime depuis 2020 (principalement avec la musicienne et preneuse de son Mich\u00e8le Garance), l\u2019habitude est rest\u00e9e d\u2019accompagner des auteurs jusqu\u2019\u00e0 l\u2019enregistrement.\u00a0 Chantal Grimm continue d\u2019y pr\u00eater parfois sa voix en plus de ses musiques\u00a0:<\/p>\n<p><strong><em>Jamais sans toi<\/em><\/strong> (Marie-Christine Nguyen \/ C.Grimm)<\/p>\n<\/div>\n<\/div><\/div><\/div><\/div><\/div><\/div>","protected":false},"excerpt":{"rendered":"<p>CHANTAL GRIMM \/ CR\u00c9ATRICE &amp; ANIMATRICE D&rsquo;ATELIERS D\u2019\u00c9CRITURE DE CHANSONS La crise de la chanson \u00e0 texte en 1983 va mettre Chantal Grimm sur les rails de la p\u00e9dagogie gr\u00e2ce \u00e0 une demande de formation \u00e0 la chanson \u00e9manant du Minist\u00e8re de la Culture. Elle y fait ses premiers pas en ind\u00e9pendante, appelant \u00e0 elle [&hellip;]<\/p>\n","protected":false},"author":1,"featured_media":0,"parent":0,"menu_order":0,"comment_status":"closed","ping_status":"closed","template":"","meta":{"footnotes":""},"class_list":["post-261","page","type-page","status-publish","hentry","post"],"yoast_head":"<!-- This site is optimized with the Yoast SEO plugin v27.4 - https:\/\/yoast.com\/product\/yoast-seo-wordpress\/ -->\n<title>Des mots pour d\u00e9mos Stage d&#039;\u00e9criture de chanson en 3 jours.<\/title>\n<meta name=\"description\" content=\"Chantal Grimm, animatrice d&#039;ateliers d&#039;\u00e9criture (p\u00e9dagogie de la chanson, de la nouvelle, du conte et de la comptine), Stage &quot;Des Mots pour d\u00e9mos&quot; toutes les bases de l&#039;\u00e9criture de chanson en 3 jours.\" \/>\n<meta name=\"robots\" content=\"index, follow, max-snippet:-1, max-image-preview:large, max-video-preview:-1\" \/>\n<link rel=\"canonical\" href=\"https:\/\/chantalgrimm.com\/?page_id=261\" \/>\n<meta property=\"og:locale\" content=\"fr_FR\" \/>\n<meta property=\"og:type\" content=\"article\" \/>\n<meta property=\"og:title\" content=\"Des mots pour d\u00e9mos Stage d&#039;\u00e9criture de chanson en 3 jours.\" \/>\n<meta property=\"og:description\" content=\"Chantal Grimm, animatrice d&#039;ateliers d&#039;\u00e9criture (p\u00e9dagogie de la chanson, de la nouvelle, du conte et de la comptine), Stage &quot;Des Mots pour d\u00e9mos&quot; toutes les bases de l&#039;\u00e9criture de chanson en 3 jours.\" \/>\n<meta property=\"og:url\" content=\"https:\/\/chantalgrimm.com\/?page_id=261\" \/>\n<meta property=\"og:site_name\" content=\"Chantal Grimm\" \/>\n<meta property=\"article:modified_time\" content=\"2026-02-27T13:50:26+00:00\" \/>\n<meta name=\"twitter:card\" content=\"summary_large_image\" \/>\n<meta name=\"twitter:label1\" content=\"Dur\u00e9e de lecture estim\u00e9e\" \/>\n\t<meta name=\"twitter:data1\" content=\"11 minutes\" \/>\n<script type=\"application\/ld+json\" class=\"yoast-schema-graph\">{\"@context\":\"https:\\\/\\\/schema.org\",\"@graph\":[{\"@type\":\"WebPage\",\"@id\":\"https:\\\/\\\/chantalgrimm.com\\\/?page_id=261\",\"url\":\"https:\\\/\\\/chantalgrimm.com\\\/?page_id=261\",\"name\":\"Des mots pour d\u00e9mos Stage d'\u00e9criture de chanson en 3 jours.\",\"isPartOf\":{\"@id\":\"https:\\\/\\\/chantalgrimm.com\\\/#website\"},\"datePublished\":\"2018-05-02T16:24:14+00:00\",\"dateModified\":\"2026-02-27T13:50:26+00:00\",\"description\":\"Chantal Grimm, animatrice d'ateliers d'\u00e9criture (p\u00e9dagogie de la chanson, de la nouvelle, du conte et de la comptine), Stage \\\"Des Mots pour d\u00e9mos\\\" toutes les bases de l'\u00e9criture de chanson en 3 jours.\",\"breadcrumb\":{\"@id\":\"https:\\\/\\\/chantalgrimm.com\\\/?page_id=261#breadcrumb\"},\"inLanguage\":\"fr-FR\",\"potentialAction\":[{\"@type\":\"ReadAction\",\"target\":[\"https:\\\/\\\/chantalgrimm.com\\\/?page_id=261\"]}]},{\"@type\":\"BreadcrumbList\",\"@id\":\"https:\\\/\\\/chantalgrimm.com\\\/?page_id=261#breadcrumb\",\"itemListElement\":[{\"@type\":\"ListItem\",\"position\":1,\"name\":\"Home\",\"item\":\"https:\\\/\\\/chantalgrimm.com\\\/\"},{\"@type\":\"ListItem\",\"position\":2,\"name\":\"Ateliers d&rsquo;\u00e9criture\"}]},{\"@type\":\"WebSite\",\"@id\":\"https:\\\/\\\/chantalgrimm.com\\\/#website\",\"url\":\"https:\\\/\\\/chantalgrimm.com\\\/\",\"name\":\"Chantal Grimm\",\"description\":\"Auteure - Compositrice - Conteuse\",\"publisher\":{\"@id\":\"https:\\\/\\\/chantalgrimm.com\\\/#organization\"},\"potentialAction\":[{\"@type\":\"SearchAction\",\"target\":{\"@type\":\"EntryPoint\",\"urlTemplate\":\"https:\\\/\\\/chantalgrimm.com\\\/?s={search_term_string}\"},\"query-input\":{\"@type\":\"PropertyValueSpecification\",\"valueRequired\":true,\"valueName\":\"search_term_string\"}}],\"inLanguage\":\"fr-FR\"},{\"@type\":\"Organization\",\"@id\":\"https:\\\/\\\/chantalgrimm.com\\\/#organization\",\"name\":\"Chantal Grimm\",\"url\":\"https:\\\/\\\/chantalgrimm.com\\\/\",\"logo\":{\"@type\":\"ImageObject\",\"inLanguage\":\"fr-FR\",\"@id\":\"https:\\\/\\\/chantalgrimm.com\\\/#\\\/schema\\\/logo\\\/image\\\/\",\"url\":\"https:\\\/\\\/chantalgrimm.com\\\/wp-content\\\/uploads\\\/2026\\\/02\\\/cropped-Logo_ChantalGrimm-1.png\",\"contentUrl\":\"https:\\\/\\\/chantalgrimm.com\\\/wp-content\\\/uploads\\\/2026\\\/02\\\/cropped-Logo_ChantalGrimm-1.png\",\"width\":339,\"height\":90,\"caption\":\"Chantal Grimm\"},\"image\":{\"@id\":\"https:\\\/\\\/chantalgrimm.com\\\/#\\\/schema\\\/logo\\\/image\\\/\"}}]}<\/script>\n<!-- \/ Yoast SEO plugin. -->","yoast_head_json":{"title":"Des mots pour d\u00e9mos Stage d'\u00e9criture de chanson en 3 jours.","description":"Chantal Grimm, animatrice d'ateliers d'\u00e9criture (p\u00e9dagogie de la chanson, de la nouvelle, du conte et de la comptine), Stage \"Des Mots pour d\u00e9mos\" toutes les bases de l'\u00e9criture de chanson en 3 jours.","robots":{"index":"index","follow":"follow","max-snippet":"max-snippet:-1","max-image-preview":"max-image-preview:large","max-video-preview":"max-video-preview:-1"},"canonical":"https:\/\/chantalgrimm.com\/?page_id=261","og_locale":"fr_FR","og_type":"article","og_title":"Des mots pour d\u00e9mos Stage d'\u00e9criture de chanson en 3 jours.","og_description":"Chantal Grimm, animatrice d'ateliers d'\u00e9criture (p\u00e9dagogie de la chanson, de la nouvelle, du conte et de la comptine), Stage \"Des Mots pour d\u00e9mos\" toutes les bases de l'\u00e9criture de chanson en 3 jours.","og_url":"https:\/\/chantalgrimm.com\/?page_id=261","og_site_name":"Chantal Grimm","article_modified_time":"2026-02-27T13:50:26+00:00","twitter_card":"summary_large_image","twitter_misc":{"Dur\u00e9e de lecture estim\u00e9e":"11 minutes"},"schema":{"@context":"https:\/\/schema.org","@graph":[{"@type":"WebPage","@id":"https:\/\/chantalgrimm.com\/?page_id=261","url":"https:\/\/chantalgrimm.com\/?page_id=261","name":"Des mots pour d\u00e9mos Stage d'\u00e9criture de chanson en 3 jours.","isPartOf":{"@id":"https:\/\/chantalgrimm.com\/#website"},"datePublished":"2018-05-02T16:24:14+00:00","dateModified":"2026-02-27T13:50:26+00:00","description":"Chantal Grimm, animatrice d'ateliers d'\u00e9criture (p\u00e9dagogie de la chanson, de la nouvelle, du conte et de la comptine), Stage \"Des Mots pour d\u00e9mos\" toutes les bases de l'\u00e9criture de chanson en 3 jours.","breadcrumb":{"@id":"https:\/\/chantalgrimm.com\/?page_id=261#breadcrumb"},"inLanguage":"fr-FR","potentialAction":[{"@type":"ReadAction","target":["https:\/\/chantalgrimm.com\/?page_id=261"]}]},{"@type":"BreadcrumbList","@id":"https:\/\/chantalgrimm.com\/?page_id=261#breadcrumb","itemListElement":[{"@type":"ListItem","position":1,"name":"Home","item":"https:\/\/chantalgrimm.com\/"},{"@type":"ListItem","position":2,"name":"Ateliers d&rsquo;\u00e9criture"}]},{"@type":"WebSite","@id":"https:\/\/chantalgrimm.com\/#website","url":"https:\/\/chantalgrimm.com\/","name":"Chantal Grimm","description":"Auteure - Compositrice - Conteuse","publisher":{"@id":"https:\/\/chantalgrimm.com\/#organization"},"potentialAction":[{"@type":"SearchAction","target":{"@type":"EntryPoint","urlTemplate":"https:\/\/chantalgrimm.com\/?s={search_term_string}"},"query-input":{"@type":"PropertyValueSpecification","valueRequired":true,"valueName":"search_term_string"}}],"inLanguage":"fr-FR"},{"@type":"Organization","@id":"https:\/\/chantalgrimm.com\/#organization","name":"Chantal Grimm","url":"https:\/\/chantalgrimm.com\/","logo":{"@type":"ImageObject","inLanguage":"fr-FR","@id":"https:\/\/chantalgrimm.com\/#\/schema\/logo\/image\/","url":"https:\/\/chantalgrimm.com\/wp-content\/uploads\/2026\/02\/cropped-Logo_ChantalGrimm-1.png","contentUrl":"https:\/\/chantalgrimm.com\/wp-content\/uploads\/2026\/02\/cropped-Logo_ChantalGrimm-1.png","width":339,"height":90,"caption":"Chantal Grimm"},"image":{"@id":"https:\/\/chantalgrimm.com\/#\/schema\/logo\/image\/"}}]}},"_links":{"self":[{"href":"https:\/\/chantalgrimm.com\/index.php?rest_route=\/wp\/v2\/pages\/261","targetHints":{"allow":["GET"]}}],"collection":[{"href":"https:\/\/chantalgrimm.com\/index.php?rest_route=\/wp\/v2\/pages"}],"about":[{"href":"https:\/\/chantalgrimm.com\/index.php?rest_route=\/wp\/v2\/types\/page"}],"author":[{"embeddable":true,"href":"https:\/\/chantalgrimm.com\/index.php?rest_route=\/wp\/v2\/users\/1"}],"replies":[{"embeddable":true,"href":"https:\/\/chantalgrimm.com\/index.php?rest_route=%2Fwp%2Fv2%2Fcomments&post=261"}],"version-history":[{"count":709,"href":"https:\/\/chantalgrimm.com\/index.php?rest_route=\/wp\/v2\/pages\/261\/revisions"}],"predecessor-version":[{"id":4399,"href":"https:\/\/chantalgrimm.com\/index.php?rest_route=\/wp\/v2\/pages\/261\/revisions\/4399"}],"wp:attachment":[{"href":"https:\/\/chantalgrimm.com\/index.php?rest_route=%2Fwp%2Fv2%2Fmedia&parent=261"}],"curies":[{"name":"wp","href":"https:\/\/api.w.org\/{rel}","templated":true}]}}